{"id":545,"date":"2021-07-17T22:51:57","date_gmt":"2021-07-17T20:51:57","guid":{"rendered":"https:\/\/patrimoine-avesnois.fr\/fontaines\/?page_id=545"},"modified":"2021-07-30T15:30:42","modified_gmt":"2021-07-30T13:30:42","slug":"solre-le-chateau-les-fontaines-de-la-grandplace-en-grande-pompe-le-discret-lavoir-et-out-la-fontaine-de-la-chapelle-st-roch","status":"publish","type":"page","link":"https:\/\/patrimoine-avesnois.fr\/fontaines\/solre-le-chateau-les-fontaines-de-la-grandplace-en-grande-pompe-le-discret-lavoir-et-out-la-fontaine-de-la-chapelle-st-roch\/","title":{"rendered":"Solre-le-Ch\u00e2teau : l&rsquo;esth\u00e9tique pompe \u00e0 eau de la Grand&rsquo;Place, la fontaine Place Fermauwez, l&#8217;empreinte du lavoir et l&rsquo;engloutissement de la fontaine St Roch"},"content":{"rendered":"\n<div class=\"wp-block-image\"><figure class=\"aligncenter\"><img decoding=\"async\" src=\"https:\/\/i0.wp.com\/patrimoine-avesnois.fr\/chemin\/wp-content\/uploads\/2021\/07\/CaptureSOLR5.jpg?resize=635%2C477\" alt=\"\" class=\"wp-image-14267\"\/><figcaption>Le Puits La Place Cadastre Solre-le-Ch\u00e2teau 1828, ADN P 31 \/ 782 <a href=\"https:\/\/archivesdepartementales.lenord.fr\/ark:\/33518\/9285xsmtzkp6\/fb0be759-bb85-41ef-b8d8-724db023dbff\" target=\"_blank\" rel=\"noreferrer noopener\">Vue 5\/24<\/a><\/figcaption><\/figure><\/div>\n\n\n\n<div class=\"wp-block-image\"><figure class=\"aligncenter\"><img decoding=\"async\" src=\"https:\/\/i1.wp.com\/patrimoine-avesnois.fr\/chemin\/wp-content\/uploads\/2021\/07\/CaptureSOLR16B.jpg?resize=635%2C477\" alt=\"\" class=\"wp-image-14268\"\/><figcaption>La Pompe Grand\u2019Place Cadastre Solre-le-Ch\u00e2teau 1902, ADN P 31 \/ 782 <a rel=\"noreferrer noopener\" href=\"https:\/\/archivesdepartementales.lenord.fr\/ark:\/33518\/9285xsmtzkp6\/78270811-0484-4eed-913a-3bac752ba1fc\" target=\"_blank\">Vue 16\/24<\/a><\/figcaption><\/figure><\/div>\n\n\n\n<div class=\"wp-block-image\"><figure class=\"aligncenter\"><img decoding=\"async\" src=\"https:\/\/i0.wp.com\/patrimoine-avesnois.fr\/chemin\/wp-content\/uploads\/2021\/07\/CaptureSOLR17.jpg?resize=635%2C477\" alt=\"\" class=\"wp-image-14269\"\/><figcaption>La Pompe Grand\u2019Place Cadastre Solre-le-Ch\u00e2teau 1902, ADN P 31 \/ 782 <a rel=\"noreferrer noopener\" href=\"https:\/\/archivesdepartementales.lenord.fr\/ark:\/33518\/9285xsmtzkp6\/cbfb2b21-00ab-4b4b-b997-cca02084ff33\" target=\"_blank\">Vue 17\/24<\/a><\/figcaption><\/figure><\/div>\n\n\n\n<div class=\"wp-block-image\"><figure class=\"aligncenter size-full is-resized\"><img data-recalc-dims=\"1\" loading=\"lazy\" decoding=\"async\" src=\"https:\/\/i0.wp.com\/patrimoine-avesnois.fr\/fontaines\/wp-content\/uploads\/2021\/07\/La-Pompe-GrandPlace-Solre-le-Chateau.jpg?resize=635%2C476&#038;ssl=1\" alt=\"\" class=\"wp-image-1084\" width=\"635\" height=\"476\" srcset=\"https:\/\/i0.wp.com\/patrimoine-avesnois.fr\/fontaines\/wp-content\/uploads\/2021\/07\/La-Pompe-GrandPlace-Solre-le-Chateau.jpg?w=429&amp;ssl=1 429w, https:\/\/i0.wp.com\/patrimoine-avesnois.fr\/fontaines\/wp-content\/uploads\/2021\/07\/La-Pompe-GrandPlace-Solre-le-Chateau.jpg?resize=300%2C225&amp;ssl=1 300w\" sizes=\"auto, (max-width: 635px) 85vw, 635px\" \/><figcaption>La Pompe Grand&rsquo;Place<\/figcaption><\/figure><\/div>\n\n\n\n<div class=\"wp-block-image\"><figure class=\"aligncenter size-full\"><img data-recalc-dims=\"1\" loading=\"lazy\" decoding=\"async\" width=\"726\" height=\"465\" src=\"https:\/\/i0.wp.com\/patrimoine-avesnois.fr\/fontaines\/wp-content\/uploads\/2021\/07\/GrandPlace-Solre-le-Chateau.png?resize=726%2C465&#038;ssl=1\" alt=\"\" class=\"wp-image-1086\" srcset=\"https:\/\/i0.wp.com\/patrimoine-avesnois.fr\/fontaines\/wp-content\/uploads\/2021\/07\/GrandPlace-Solre-le-Chateau.png?w=726&amp;ssl=1 726w, https:\/\/i0.wp.com\/patrimoine-avesnois.fr\/fontaines\/wp-content\/uploads\/2021\/07\/GrandPlace-Solre-le-Chateau.png?resize=300%2C192&amp;ssl=1 300w\" sizes=\"auto, (max-width: 726px) 85vw, 726px\" \/><figcaption>La Grand&rsquo;Place<\/figcaption><\/figure><\/div>\n\n\n\n<div class=\"wp-block-image\"><figure class=\"aligncenter size-full is-resized\"><img data-recalc-dims=\"1\" loading=\"lazy\" decoding=\"async\" src=\"https:\/\/i0.wp.com\/patrimoine-avesnois.fr\/fontaines\/wp-content\/uploads\/2021\/07\/La-Fontaine-Solre-le-Chateau.jpg?resize=635%2C476&#038;ssl=1\" alt=\"\" class=\"wp-image-1227\" width=\"635\" height=\"476\" srcset=\"https:\/\/i0.wp.com\/patrimoine-avesnois.fr\/fontaines\/wp-content\/uploads\/2021\/07\/La-Fontaine-Solre-le-Chateau.jpg?w=390&amp;ssl=1 390w, https:\/\/i0.wp.com\/patrimoine-avesnois.fr\/fontaines\/wp-content\/uploads\/2021\/07\/La-Fontaine-Solre-le-Chateau.jpg?resize=300%2C225&amp;ssl=1 300w\" sizes=\"auto, (max-width: 635px) 85vw, 635px\" \/><figcaption>La Fontaine en 2012<\/figcaption><\/figure><\/div>\n\n\n\n<div class=\"wp-block-image\"><figure class=\"aligncenter size-full\"><img data-recalc-dims=\"1\" loading=\"lazy\" decoding=\"async\" width=\"512\" height=\"689\" src=\"https:\/\/i0.wp.com\/patrimoine-avesnois.fr\/fontaines\/wp-content\/uploads\/2021\/07\/La-Pompe-Grande-Place-Solre-le-Chateau.webp?resize=512%2C689&#038;ssl=1\" alt=\"\" class=\"wp-image-1078\" srcset=\"https:\/\/i0.wp.com\/patrimoine-avesnois.fr\/fontaines\/wp-content\/uploads\/2021\/07\/La-Pompe-Grande-Place-Solre-le-Chateau.webp?w=512&amp;ssl=1 512w, https:\/\/i0.wp.com\/patrimoine-avesnois.fr\/fontaines\/wp-content\/uploads\/2021\/07\/La-Pompe-Grande-Place-Solre-le-Chateau.webp?resize=223%2C300&amp;ssl=1 223w\" sizes=\"auto, (max-width: 512px) 85vw, 512px\" \/><figcaption>La Pompe<a rel=\"noreferrer noopener\" href=\"https:\/\/www.google.fr\/maps\/@50.1743538,4.0916097,3a,75y,206.3h,84.59t\/data=!3m6!1e1!3m4!1sdVW98StBV7XOx8h52X62aA!2e0!7i16384!8i8192\" target=\"_blank\"> Grande Place<\/a> Photo 2020<\/figcaption><\/figure><\/div>\n\n\n\n<div class=\"wp-block-image\"><figure class=\"aligncenter size-full\"><img data-recalc-dims=\"1\" loading=\"lazy\" decoding=\"async\" width=\"356\" height=\"650\" src=\"https:\/\/i0.wp.com\/patrimoine-avesnois.fr\/fontaines\/wp-content\/uploads\/2021\/07\/La-Pompe-Grande-Place-Solre-le-Chateau-1.webp?resize=356%2C650&#038;ssl=1\" alt=\"\" class=\"wp-image-1080\" srcset=\"https:\/\/i0.wp.com\/patrimoine-avesnois.fr\/fontaines\/wp-content\/uploads\/2021\/07\/La-Pompe-Grande-Place-Solre-le-Chateau-1.webp?w=356&amp;ssl=1 356w, https:\/\/i0.wp.com\/patrimoine-avesnois.fr\/fontaines\/wp-content\/uploads\/2021\/07\/La-Pompe-Grande-Place-Solre-le-Chateau-1.webp?resize=164%2C300&amp;ssl=1 164w\" sizes=\"auto, (max-width: 356px) 85vw, 356px\" \/><figcaption>Autre vue Photo 2021<\/figcaption><\/figure><\/div>\n\n\n\n<p>Cette pompe en pierre bleue a \u00e9t\u00e9 construite en 1854. Endommag\u00e9e par une voiture en 2018, elle a \u00e9t\u00e9 reconstruite par l\u2019entreprise H. Chevalier-Nord, sp\u00e9cialis\u00e9e \u00e0 l\u2019origine dans la restauration des monuments historiques en pierre de taille et qui depuis deux g\u00e9n\u00e9rations s\u2019est d\u00e9velopp\u00e9e dans le domaine de la ma\u00e7onnerie et du gros-\u0153uvre pour la r\u00e9novation du patrimoine b\u00e2ti et la r\u00e9habilitation lourde.<\/p>\n\n\n\n<p class=\"has-text-align-center\">***<\/p>\n\n\n\n<div class=\"wp-block-image\"><figure class=\"aligncenter\"><img decoding=\"async\" src=\"https:\/\/i0.wp.com\/patrimoine-avesnois.fr\/chemin\/wp-content\/uploads\/2021\/07\/Capture-36.jpg?resize=635%2C478\" alt=\"\" class=\"wp-image-14272\"\/><figcaption>Fontaine pr\u00e8s de la Place Cadastre Solre-le-Ch\u00e2teau 1902, ADN P 31 \/ 782 <a rel=\"noreferrer noopener\" href=\"https:\/\/archivesdepartementales.lenord.fr\/ark:\/33518\/9285xsmtzkp6\/78270811-0484-4eed-913a-3bac752ba1fc\" target=\"_blank\">Vue 16\/24<\/a><\/figcaption><\/figure><\/div>\n\n\n\n<div class=\"wp-block-image\"><figure class=\"aligncenter size-full\"><img data-recalc-dims=\"1\" loading=\"lazy\" decoding=\"async\" width=\"654\" height=\"422\" src=\"https:\/\/i0.wp.com\/patrimoine-avesnois.fr\/fontaines\/wp-content\/uploads\/2021\/07\/Fontaine-pres-de-la-Place-Rue-des-Soeurs-Solre-le-Chateau.jpg?resize=654%2C422&#038;ssl=1\" alt=\"\" class=\"wp-image-1087\" srcset=\"https:\/\/i0.wp.com\/patrimoine-avesnois.fr\/fontaines\/wp-content\/uploads\/2021\/07\/Fontaine-pres-de-la-Place-Rue-des-Soeurs-Solre-le-Chateau.jpg?w=654&amp;ssl=1 654w, https:\/\/i0.wp.com\/patrimoine-avesnois.fr\/fontaines\/wp-content\/uploads\/2021\/07\/Fontaine-pres-de-la-Place-Rue-des-Soeurs-Solre-le-Chateau.jpg?resize=300%2C194&amp;ssl=1 300w\" sizes=\"auto, (max-width: 654px) 85vw, 654px\" \/><figcaption>Fontaine pr\u00e8s de la Place Rue des S\u0153urs<\/figcaption><\/figure><\/div>\n\n\n\n<div class=\"wp-block-image\"><figure class=\"aligncenter size-full is-resized\"><img data-recalc-dims=\"1\" loading=\"lazy\" decoding=\"async\" src=\"https:\/\/i0.wp.com\/patrimoine-avesnois.fr\/fontaines\/wp-content\/uploads\/2021\/07\/Fontaine-pres-de-la-Place-Rue-des-Soeurs-Solre-le-Chateau-1.jpg?resize=654%2C396&#038;ssl=1\" alt=\"\" class=\"wp-image-1088\" width=\"654\" height=\"396\" srcset=\"https:\/\/i0.wp.com\/patrimoine-avesnois.fr\/fontaines\/wp-content\/uploads\/2021\/07\/Fontaine-pres-de-la-Place-Rue-des-Soeurs-Solre-le-Chateau-1.jpg?w=997&amp;ssl=1 997w, https:\/\/i0.wp.com\/patrimoine-avesnois.fr\/fontaines\/wp-content\/uploads\/2021\/07\/Fontaine-pres-de-la-Place-Rue-des-Soeurs-Solre-le-Chateau-1.jpg?resize=300%2C181&amp;ssl=1 300w, https:\/\/i0.wp.com\/patrimoine-avesnois.fr\/fontaines\/wp-content\/uploads\/2021\/07\/Fontaine-pres-de-la-Place-Rue-des-Soeurs-Solre-le-Chateau-1.jpg?resize=768%2C464&amp;ssl=1 768w\" sizes=\"auto, (max-width: 654px) 85vw, 654px\" \/><figcaption>Autre carte postale de la fontaine Rue des S\u0153urs<\/figcaption><\/figure><\/div>\n\n\n\n<p class=\"has-text-align-center\">***<\/p>\n\n\n\n<div class=\"wp-block-image\"><figure class=\"aligncenter size-full\"><img data-recalc-dims=\"1\" loading=\"lazy\" decoding=\"async\" width=\"754\" height=\"475\" src=\"https:\/\/i0.wp.com\/patrimoine-avesnois.fr\/fontaines\/wp-content\/uploads\/2021\/07\/Fontaine-Place-Fermauwez-Solre-le-Chateau.png?resize=754%2C475&#038;ssl=1\" alt=\"\" class=\"wp-image-1089\" srcset=\"https:\/\/i0.wp.com\/patrimoine-avesnois.fr\/fontaines\/wp-content\/uploads\/2021\/07\/Fontaine-Place-Fermauwez-Solre-le-Chateau.png?w=754&amp;ssl=1 754w, https:\/\/i0.wp.com\/patrimoine-avesnois.fr\/fontaines\/wp-content\/uploads\/2021\/07\/Fontaine-Place-Fermauwez-Solre-le-Chateau.png?resize=300%2C189&amp;ssl=1 300w\" sizes=\"auto, (max-width: 754px) 85vw, 754px\" \/><figcaption>Fontaine Place Fermauwez<\/figcaption><\/figure><\/div>\n\n\n\n<div class=\"wp-block-image\"><figure class=\"aligncenter\"><img decoding=\"async\" src=\"https:\/\/i1.wp.com\/upload.wikimedia.org\/wikipedia\/commons\/thumb\/6\/67\/Ancienne_pompe_%C3%A0_eau_%C3%A0_Solrelechateau.JPG\/800px-Ancienne_pompe_%C3%A0_eau_%C3%A0_Solrelechateau.JPG?resize=493%2C658&amp;ssl=1\" alt=\"Ancienne pompe \u00c3\u00a0 eau \u00c3\u00a0 Solrelechateau.JPG\"\/><figcaption>Pompe \u00e0 eau <a href=\"https:\/\/www.google.fr\/maps\/place\/Diff'hair'ence\/@50.1747228,4.0924051,3a,30.1y,42.94h,84.91t\/data=!3m6!1e1!3m4!1svPw0cR7NCZAWJP5uc-zQqQ!2e0!7i16384!8i8192!4m5!3m4!1s0x47c26cb8efdbffff:0x5edb9aee09033ddb!8m2!3d50.1749286!4d4.0930198\" data-type=\"URL\" data-id=\"https:\/\/www.google.fr\/maps\/place\/Diff'hair'ence\/@50.1747228,4.0924051,3a,30.1y,42.94h,84.91t\/data=!3m6!1e1!3m4!1svPw0cR7NCZAWJP5uc-zQqQ!2e0!7i16384!8i8192!4m5!3m4!1s0x47c26cb8efdbffff:0x5edb9aee09033ddb!8m2!3d50.1749286!4d4.0930198\" target=\"_blank\" rel=\"noreferrer noopener\">Place Fermauwez<\/a><\/figcaption><\/figure><\/div>\n\n\n\n<p class=\"has-text-align-center\">***<\/p>\n\n\n\n<div class=\"wp-block-image\"><figure class=\"aligncenter\"><img decoding=\"async\" src=\"https:\/\/i0.wp.com\/patrimoine-avesnois.fr\/chemin\/wp-content\/uploads\/2021\/07\/CaptureSOLR16.jpg?resize=635%2C475\" alt=\"\" class=\"wp-image-14271\"\/><figcaption>Lavoir Cadastre Solre-le-Ch\u00e2teau 1902, ADN P 31 \/ 782 <a rel=\"noreferrer noopener\" href=\"https:\/\/archivesdepartementales.lenord.fr\/ark:\/33518\/9285xsmtzkp6\/78270811-0484-4eed-913a-3bac752ba1fc\" target=\"_blank\">Vue 16\/24<\/a><\/figcaption><\/figure><\/div>\n\n\n\n<div class=\"wp-block-image\"><figure class=\"aligncenter size-full\"><img data-recalc-dims=\"1\" loading=\"lazy\" decoding=\"async\" width=\"732\" height=\"549\" src=\"https:\/\/i0.wp.com\/patrimoine-avesnois.fr\/fontaines\/wp-content\/uploads\/2021\/07\/Ancien-Lavoir-de-Solre-le-Chateau.webp?resize=732%2C549&#038;ssl=1\" alt=\"\" class=\"wp-image-1081\" srcset=\"https:\/\/i0.wp.com\/patrimoine-avesnois.fr\/fontaines\/wp-content\/uploads\/2021\/07\/Ancien-Lavoir-de-Solre-le-Chateau.webp?w=732&amp;ssl=1 732w, https:\/\/i0.wp.com\/patrimoine-avesnois.fr\/fontaines\/wp-content\/uploads\/2021\/07\/Ancien-Lavoir-de-Solre-le-Chateau.webp?resize=300%2C225&amp;ssl=1 300w\" sizes=\"auto, (max-width: 732px) 85vw, 732px\" \/><figcaption>Ancien Lavoir de Solre-le-Ch\u00e2teau <a rel=\"noreferrer noopener\" href=\"https:\/\/www.google.fr\/maps\/@50.1730764,4.0892551,3a,75y,282.64h,85.65t\/data=!3m6!1e1!3m4!1s_ND2u8qW_RP6P8VLKTH4fA!2e0!7i16384!8i8192\" target=\"_blank\">Rue de Liessies<\/a><\/figcaption><\/figure><\/div>\n\n\n\n<p class=\"has-text-align-center\">***<\/p>\n\n\n\n<div class=\"wp-block-image\"><figure class=\"aligncenter\"><img decoding=\"async\" src=\"https:\/\/i0.wp.com\/patrimoine-avesnois.fr\/chemin\/wp-content\/uploads\/2021\/07\/capture-solr-1.jpg?w=840\" alt=\"\" class=\"wp-image-14275\"\/><figcaption>Chapelle St Roch et fontaine<\/figcaption><\/figure><\/div>\n\n\n\n<div class=\"wp-block-image\"><figure class=\"aligncenter size-large is-resized\"><img data-recalc-dims=\"1\" loading=\"lazy\" decoding=\"async\" src=\"https:\/\/i0.wp.com\/patrimoine-avesnois.fr\/fontaines\/wp-content\/uploads\/2021\/07\/Capture-8.jpg?resize=409%2C656&#038;ssl=1\" alt=\"\" class=\"wp-image-564\" width=\"409\" height=\"656\" srcset=\"https:\/\/i0.wp.com\/patrimoine-avesnois.fr\/fontaines\/wp-content\/uploads\/2021\/07\/Capture-8.jpg?w=334&amp;ssl=1 334w, https:\/\/i0.wp.com\/patrimoine-avesnois.fr\/fontaines\/wp-content\/uploads\/2021\/07\/Capture-8.jpg?resize=187%2C300&amp;ssl=1 187w\" sizes=\"auto, (max-width: 409px) 85vw, 409px\" \/><figcaption>Rue de Liessies et la chapelle<\/figcaption><\/figure><\/div>\n\n\n\n<div class=\"wp-block-image\"><figure class=\"aligncenter is-resized\"><img loading=\"lazy\" decoding=\"async\" src=\"https:\/\/i1.wp.com\/patrimoine-avesnois.fr\/chemin\/wp-content\/uploads\/2021\/07\/Capture-39.jpg\" alt=\"L\u2019attribut alt de cette image est vide, son nom de fichier est Capture-39.jpg.\" width=\"646\" height=\"483\"\/><figcaption>Les vestiges de la chapelle St Roch<\/figcaption><\/figure><\/div>\n\n\n\n<div class=\"wp-block-image\"><figure class=\"aligncenter size-full\"><img data-recalc-dims=\"1\" loading=\"lazy\" decoding=\"async\" width=\"646\" height=\"485\" src=\"https:\/\/i0.wp.com\/patrimoine-avesnois.fr\/fontaines\/wp-content\/uploads\/2021\/07\/Fontaine-Solre-le-Chateau.webp?resize=646%2C485&#038;ssl=1\" alt=\"\" class=\"wp-image-1082\" srcset=\"https:\/\/i0.wp.com\/patrimoine-avesnois.fr\/fontaines\/wp-content\/uploads\/2021\/07\/Fontaine-Solre-le-Chateau.webp?w=646&amp;ssl=1 646w, https:\/\/i0.wp.com\/patrimoine-avesnois.fr\/fontaines\/wp-content\/uploads\/2021\/07\/Fontaine-Solre-le-Chateau.webp?resize=300%2C225&amp;ssl=1 300w\" sizes=\"auto, (max-width: 646px) 85vw, 646px\" \/><figcaption>Emplacement actuel de l&rsquo;ancienne Fontaine face \u00e0 la chapelle St Roch<\/figcaption><\/figure><\/div>\n\n\n\n<p><\/p>\n","protected":false},"excerpt":{"rendered":"<p>Cette pompe en pierre bleue a \u00e9t\u00e9 construite en 1854. Endommag\u00e9e par une voiture en 2018, elle a \u00e9t\u00e9 reconstruite par l\u2019entreprise H. Chevalier-Nord, sp\u00e9cialis\u00e9e \u00e0 l\u2019origine dans la restauration des monuments historiques en pierre de taille et qui depuis deux g\u00e9n\u00e9rations s\u2019est d\u00e9velopp\u00e9e dans le domaine de la ma\u00e7onnerie et du gros-\u0153uvre pour la &hellip; <a href=\"https:\/\/patrimoine-avesnois.fr\/fontaines\/solre-le-chateau-les-fontaines-de-la-grandplace-en-grande-pompe-le-discret-lavoir-et-out-la-fontaine-de-la-chapelle-st-roch\/\" class=\"more-link\">Continuer la lecture<span class=\"screen-reader-text\"> de &laquo;&nbsp;Solre-le-Ch\u00e2teau : l&rsquo;esth\u00e9tique pompe \u00e0 eau de la Grand&rsquo;Place, la fontaine Place Fermauwez, l&#8217;empreinte du lavoir et l&rsquo;engloutissement de la fontaine St Roch&nbsp;&raquo;<\/span><\/a><\/p>\n","protected":false},"author":2,"featured_media":0,"parent":0,"menu_order":0,"comment_status":"closed","ping_status":"closed","template":"","meta":{"footnotes":""},"class_list":["post-545","page","type-page","status-publish","hentry"],"jetpack_sharing_enabled":true,"_links":{"self":[{"href":"https:\/\/patrimoine-avesnois.fr\/fontaines\/wp-json\/wp\/v2\/pages\/545","targetHints":{"allow":["GET"]}}],"collection":[{"href":"https:\/\/patrimoine-avesnois.fr\/fontaines\/wp-json\/wp\/v2\/pages"}],"about":[{"href":"https:\/\/patrimoine-avesnois.fr\/fontaines\/wp-json\/wp\/v2\/types\/page"}],"author":[{"embeddable":true,"href":"https:\/\/patrimoine-avesnois.fr\/fontaines\/wp-json\/wp\/v2\/users\/2"}],"replies":[{"embeddable":true,"href":"https:\/\/patrimoine-avesnois.fr\/fontaines\/wp-json\/wp\/v2\/comments?post=545"}],"version-history":[{"count":14,"href":"https:\/\/patrimoine-avesnois.fr\/fontaines\/wp-json\/wp\/v2\/pages\/545\/revisions"}],"predecessor-version":[{"id":1229,"href":"https:\/\/patrimoine-avesnois.fr\/fontaines\/wp-json\/wp\/v2\/pages\/545\/revisions\/1229"}],"wp:attachment":[{"href":"https:\/\/patrimoine-avesnois.fr\/fontaines\/wp-json\/wp\/v2\/media?parent=545"}],"curies":[{"name":"wp","href":"https:\/\/api.w.org\/{rel}","templated":true}]}}