{"id":576,"date":"2021-07-20T11:45:36","date_gmt":"2021-07-20T09:45:36","guid":{"rendered":"https:\/\/patrimoine-avesnois.fr\/fontaines\/?page_id=576"},"modified":"2021-07-27T12:47:25","modified_gmt":"2021-07-27T10:47:25","slug":"taisnieres-en-thierache-fontaine-des-aulnes-du-pont-des-catiaux-des-patures-de-ville-de-la-cense-du-et-des-viviers","status":"publish","type":"page","link":"https:\/\/patrimoine-avesnois.fr\/fontaines\/taisnieres-en-thierache-fontaine-des-aulnes-du-pont-des-catiaux-des-patures-de-ville-de-la-cense-du-et-des-viviers\/","title":{"rendered":"Taisni\u00e8res-en-Thi\u00e9rache : fontaines des Aulnes, du Pont de l&rsquo;Helpe, des Catiaux, des P\u00e2tures de Ville, de la Cense, du et des Viviers"},"content":{"rendered":"\n<p>Taisni\u00e8res-en-Thi\u00e9rache disposait de plusieurs fontaines dont la plus importante \u00e9tait celle du Pont de l\u2019Helpe Majeure. Certaines, plus probablement des sources peu am\u00e9nag\u00e9es, alimentaient des viviers qui d\u00e9j\u00e0 au XIX e si\u00e8cle \u00e9taient ass\u00e9ch\u00e9s.<\/p>\n\n\n\n<div class=\"wp-block-image\"><figure class=\"aligncenter\"><img decoding=\"async\" src=\"https:\/\/i0.wp.com\/patrimoine-avesnois.fr\/chemin\/wp-content\/uploads\/2021\/07\/CaptureTAISN6.jpg?resize=640%2C438\" alt=\"\" class=\"wp-image-14292\"\/><figcaption>Fontaine des Aulnes Rue de Maroilles Cadastre Taisni\u00e8res-en-Thi\u00e9rache ADN 1868 P 31 \/ 784 <a rel=\"noreferrer noopener\" href=\"https:\/\/archivesdepartementales.lenord.fr\/ark:\/33518\/cpgdmkbsh89r\/a25b8449-11e0-4114-8838-76dd565b32d0\" target=\"_blank\">Vue 6\/12<\/a><\/figcaption><\/figure><\/div>\n\n\n\n<div class=\"wp-block-image\"><figure class=\"aligncenter size-full\"><img data-recalc-dims=\"1\" loading=\"lazy\" decoding=\"async\" width=\"720\" height=\"534\" src=\"https:\/\/i0.wp.com\/patrimoine-avesnois.fr\/fontaines\/wp-content\/uploads\/2021\/07\/Fontaine-des-Aulnes-Rue-de-Maroilles-Taisnieres-en-Thierache-.webp?resize=720%2C534&#038;ssl=1\" alt=\"\" class=\"wp-image-1023\" srcset=\"https:\/\/i0.wp.com\/patrimoine-avesnois.fr\/fontaines\/wp-content\/uploads\/2021\/07\/Fontaine-des-Aulnes-Rue-de-Maroilles-Taisnieres-en-Thierache-.webp?w=720&amp;ssl=1 720w, https:\/\/i0.wp.com\/patrimoine-avesnois.fr\/fontaines\/wp-content\/uploads\/2021\/07\/Fontaine-des-Aulnes-Rue-de-Maroilles-Taisnieres-en-Thierache-.webp?resize=300%2C223&amp;ssl=1 300w\" sizes=\"auto, (max-width: 720px) 85vw, 720px\" \/><figcaption>La Fontaine se situait dans la p\u00e2ture derri\u00e8re cette habitation <a href=\"https:\/\/www.google.fr\/maps\/@50.1365957,3.7920268,3a,75y,329.61h,76.19t\/data=!3m6!1e1!3m4!1s3VRL5Fs08APLv2J-KktoMg!2e0!7i16384!8i8192\" target=\"_blank\" rel=\"noreferrer noopener\">Rue de Maroilles<\/a> \u00e0 Taisni\u00e8res-en-Thi\u00e9rache<\/figcaption><\/figure><\/div>\n\n\n\n<p class=\"has-text-align-center\">***<\/p>\n\n\n\n<div class=\"wp-block-image\"><figure class=\"aligncenter\"><img decoding=\"async\" src=\"https:\/\/i2.wp.com\/patrimoine-avesnois.fr\/chemin\/wp-content\/uploads\/2021\/07\/Capture-44.jpg?resize=640%2C480\" alt=\"\" class=\"wp-image-14295\"\/><figcaption>Fontaine du Pont de de l\u2019Helpe Majeure Cadastre Taisni\u00e8res-en-Thi\u00e9rache ADN 1868 P 31 \/ 784 <a href=\"https:\/\/archivesdepartementales.lenord.fr\/ark:\/33518\/cpgdmkbsh89r\/1a5811f7-0fb6-4b60-99f6-330d0bd0db6e\" target=\"_blank\" rel=\"noreferrer noopener\">Vue 8\/12<\/a><\/figcaption><\/figure><\/div>\n\n\n\n<div class=\"wp-block-image\"><figure class=\"aligncenter\"><img decoding=\"async\" src=\"https:\/\/i0.wp.com\/patrimoine-avesnois.fr\/chemin\/wp-content\/uploads\/2021\/07\/CaptureTAISN8.jpg?resize=640%2C480\" alt=\"\" class=\"wp-image-14296\"\/><figcaption>Fontaine du Pont de de l\u2019Helpe Majeure Vue rapproch\u00e9e<br>Cadastre Taisni\u00e8res-en-Thi\u00e9rache ADN 1868 P 31 \/ 784 <a rel=\"noreferrer noopener\" href=\"https:\/\/archivesdepartementales.lenord.fr\/ark:\/33518\/cpgdmkbsh89r\/1a5811f7-0fb6-4b60-99f6-330d0bd0db6e\" target=\"_blank\">Vue 8\/12<\/a><\/figcaption><\/figure><\/div>\n\n\n\n<div class=\"wp-block-image\"><figure class=\"aligncenter size-full\"><img data-recalc-dims=\"1\" loading=\"lazy\" decoding=\"async\" width=\"720\" height=\"542\" src=\"https:\/\/i0.wp.com\/patrimoine-avesnois.fr\/fontaines\/wp-content\/uploads\/2021\/07\/Fontaine-du-Pont-de-de-lHelpe-Majeure.Taisnieres-en-Thierache..webp?resize=720%2C542&#038;ssl=1\" alt=\"\" class=\"wp-image-1025\" srcset=\"https:\/\/i0.wp.com\/patrimoine-avesnois.fr\/fontaines\/wp-content\/uploads\/2021\/07\/Fontaine-du-Pont-de-de-lHelpe-Majeure.Taisnieres-en-Thierache..webp?w=720&amp;ssl=1 720w, https:\/\/i0.wp.com\/patrimoine-avesnois.fr\/fontaines\/wp-content\/uploads\/2021\/07\/Fontaine-du-Pont-de-de-lHelpe-Majeure.Taisnieres-en-Thierache..webp?resize=300%2C226&amp;ssl=1 300w\" sizes=\"auto, (max-width: 720px) 85vw, 720px\" \/><figcaption>Fontaine du Pont de de l\u2019Helpe Majeure. <a rel=\"noreferrer noopener\" href=\"https:\/\/www.google.fr\/maps\/@50.148541,3.8162403,3a,53.3y,70.21h,89.27t\/data=!3m6!1e1!3m4!1sUcPEyvJKiwNMVmkoArbf1Q!2e0!7i16384!8i8192\" target=\"_blank\">Rue du Pont<\/a> \u00e0 Taisni\u00e8res-en-Thi\u00e9rache. A la droite du pont il y avait encore dans les ann\u00e9es 1980 une pompe \u00e9lectrique avec une buse qui servait \u00e0 alimenter les tonnes \u00e0 eau des agriculteurs.<\/figcaption><\/figure><\/div>\n\n\n\n<p class=\"has-text-align-center\">***<\/p>\n\n\n\n<div class=\"wp-block-image\"><figure class=\"aligncenter\"><img decoding=\"async\" src=\"https:\/\/i0.wp.com\/patrimoine-avesnois.fr\/chemin\/wp-content\/uploads\/2021\/07\/CaptureTAISN9.JPG.jpg?resize=640%2C480\" alt=\"\" class=\"wp-image-14299\"\/><figcaption>Fontaine des Catiaux Cadastre Taisni\u00e8res-en-Thi\u00e9rache ADN 1868 P 31 \/ 784 <a href=\"https:\/\/archivesdepartementales.lenord.fr\/ark:\/33518\/cpgdmkbsh89r\/388ffbee-459a-4b52-8738-fed875b6636a\" target=\"_blank\" rel=\"noreferrer noopener\">Vue 9\/12<\/a><\/figcaption><\/figure><\/div>\n\n\n\n<div class=\"wp-block-image\"><figure class=\"aligncenter size-full\"><img data-recalc-dims=\"1\" loading=\"lazy\" decoding=\"async\" width=\"720\" height=\"420\" src=\"https:\/\/i0.wp.com\/patrimoine-avesnois.fr\/fontaines\/wp-content\/uploads\/2021\/07\/Fontaine-des-Catiaux-Taisnieres-en-Thierache.webp?resize=720%2C420&#038;ssl=1\" alt=\"\" class=\"wp-image-1026\" srcset=\"https:\/\/i0.wp.com\/patrimoine-avesnois.fr\/fontaines\/wp-content\/uploads\/2021\/07\/Fontaine-des-Catiaux-Taisnieres-en-Thierache.webp?w=720&amp;ssl=1 720w, https:\/\/i0.wp.com\/patrimoine-avesnois.fr\/fontaines\/wp-content\/uploads\/2021\/07\/Fontaine-des-Catiaux-Taisnieres-en-Thierache.webp?resize=300%2C175&amp;ssl=1 300w\" sizes=\"auto, (max-width: 720px) 85vw, 720px\" \/><figcaption>Emplacement de l\u2019ancienne Fontaine des Catiaux sur la gauche de cette rue dite <a href=\"https:\/\/www.google.fr\/maps\/@50.1518618,3.8225454,3a,75y,215.25h,87.89t\/data=!3m6!1e1!3m4!1sumMrBhhE1LsonZZojUt_rQ!2e0!7i16384!8i8192\" target=\"_blank\" rel=\"noreferrer noopener\">Rue de Leval<\/a><\/figcaption><\/figure><\/div>\n\n\n\n<p class=\"has-text-align-center\">***<\/p>\n\n\n\n<div class=\"wp-block-image\"><figure class=\"aligncenter\"><img decoding=\"async\" src=\"https:\/\/i0.wp.com\/patrimoine-avesnois.fr\/chemin\/wp-content\/uploads\/2021\/07\/Capture-46.jpg?w=840\" alt=\"\" class=\"wp-image-14305\"\/><figcaption>Fontaines Cadastre Taisni\u00e8res-en-Thi\u00e9rache ADN 1868 P 31 \/ 784 <a rel=\"noreferrer noopener\" href=\"https:\/\/archivesdepartementales.lenord.fr\/ark:\/33518\/cpgdmkbsh89r\/d030a43d-3e1f-4639-a0d6-87fdeb5e2795\" target=\"_blank\">Vue 10\/12<\/a> :<br>Fontaine des P\u00e2tures de Ville \u00e0 gauche et Fontaine de la Cense \u00e0 droite<\/figcaption><\/figure><\/div>\n\n\n\n<div class=\"wp-block-image\"><figure class=\"aligncenter\"><img decoding=\"async\" src=\"https:\/\/i2.wp.com\/patrimoine-avesnois.fr\/chemin\/wp-content\/uploads\/2021\/07\/Capture-47.jpg?resize=720%2C571\" alt=\"\" class=\"wp-image-14306\"\/><figcaption><a href=\"https:\/\/www.google.fr\/maps\/@50.1483356,3.8195845,940m\/data=!3m1!1e3\" target=\"_blank\" rel=\"noreferrer noopener\">Vue satellite Google<\/a><\/figcaption><\/figure><\/div>\n\n\n\n<p class=\"has-text-align-center\">***<\/p>\n\n\n\n<div class=\"wp-block-image\"><figure class=\"aligncenter\"><img decoding=\"async\" src=\"https:\/\/i1.wp.com\/patrimoine-avesnois.fr\/chemin\/wp-content\/uploads\/2021\/07\/CaptureTAISN10.jpg?resize=640%2C479\" alt=\"\" class=\"wp-image-14302\"\/><figcaption>Fontaine du Vivier Cadastre Taisni\u00e8res-en-Thi\u00e9rache ADN 1868 P 31 \/ 784 <a rel=\"noreferrer noopener\" href=\"https:\/\/archivesdepartementales.lenord.fr\/ark:\/33518\/cpgdmkbsh89r\/d030a43d-3e1f-4639-a0d6-87fdeb5e2795\" target=\"_blank\">Vue 10\/12<\/a><\/figcaption><\/figure><\/div>\n\n\n\n<div class=\"wp-block-image\"><figure class=\"aligncenter\"><img decoding=\"async\" src=\"https:\/\/i2.wp.com\/patrimoine-avesnois.fr\/chemin\/wp-content\/uploads\/2021\/07\/Capture-48.jpg?resize=720%2C540\" alt=\"\" class=\"wp-image-14307\"\/><figcaption>Fontaine du Vivier <a href=\"https:\/\/www.google.fr\/maps\/@50.1534355,3.8296957,470m\/data=!3m1!1e3\" target=\"_blank\" rel=\"noreferrer noopener\">Vue satellite Google<\/a><\/figcaption><\/figure><\/div>\n\n\n\n<p class=\"has-text-align-center\">***<\/p>\n\n\n\n<div class=\"wp-block-image\"><figure class=\"aligncenter\"><img decoding=\"async\" src=\"https:\/\/i0.wp.com\/patrimoine-avesnois.fr\/chemin\/wp-content\/uploads\/2021\/07\/CaptureTAISN12.jpg?resize=640%2C480\" alt=\"\" class=\"wp-image-14303\"\/><figcaption>Fontaines des Viviers Cadastre Taisni\u00e8res-en-Thi\u00e9rache ADN 1868 P 31 \/ 784 <a rel=\"noreferrer noopener\" href=\"https:\/\/archivesdepartementales.lenord.fr\/ark:\/33518\/cpgdmkbsh89r\/1c3e82b9-39dc-45bd-8cfe-0b56d45b5940\" target=\"_blank\">Vue 12\/12<\/a><\/figcaption><\/figure><\/div>\n\n\n\n<div class=\"wp-block-image\"><figure class=\"aligncenter size-full\"><img data-recalc-dims=\"1\" loading=\"lazy\" decoding=\"async\" width=\"720\" height=\"540\" src=\"https:\/\/i0.wp.com\/patrimoine-avesnois.fr\/fontaines\/wp-content\/uploads\/2021\/07\/Fontaines-des-Viviers-Taisnieres-en-Thierache.webp?resize=720%2C540&#038;ssl=1\" alt=\"\" class=\"wp-image-1027\" srcset=\"https:\/\/i0.wp.com\/patrimoine-avesnois.fr\/fontaines\/wp-content\/uploads\/2021\/07\/Fontaines-des-Viviers-Taisnieres-en-Thierache.webp?w=720&amp;ssl=1 720w, https:\/\/i0.wp.com\/patrimoine-avesnois.fr\/fontaines\/wp-content\/uploads\/2021\/07\/Fontaines-des-Viviers-Taisnieres-en-Thierache.webp?resize=300%2C225&amp;ssl=1 300w\" sizes=\"auto, (max-width: 720px) 85vw, 720px\" \/><figcaption>Une des Fontaines des Viviers, \u00e0 l\u2019entr\u00e9e de ce petit chemin sur la gauche <a rel=\"noreferrer noopener\" href=\"https:\/\/www.google.fr\/maps\/@50.1374879,3.8229038,3a,75y,7.67h,72.95t\/data=!3m6!1e1!3m4!1sfFYP-T1xO8yWwRZTPKEPLg!2e0!7i16384!8i8192\" target=\"_blank\">Route de Marbaix D117<\/a><\/figcaption><\/figure><\/div>\n\n\n\n<div class=\"wp-block-image\"><figure class=\"aligncenter size-full\"><img data-recalc-dims=\"1\" loading=\"lazy\" decoding=\"async\" width=\"720\" height=\"539\" src=\"https:\/\/i0.wp.com\/patrimoine-avesnois.fr\/fontaines\/wp-content\/uploads\/2021\/07\/Fontaines-des-Viviers-Taisnieres-en-Thierache-1.webp?resize=720%2C539&#038;ssl=1\" alt=\"\" class=\"wp-image-1028\" srcset=\"https:\/\/i0.wp.com\/patrimoine-avesnois.fr\/fontaines\/wp-content\/uploads\/2021\/07\/Fontaines-des-Viviers-Taisnieres-en-Thierache-1.webp?w=720&amp;ssl=1 720w, https:\/\/i0.wp.com\/patrimoine-avesnois.fr\/fontaines\/wp-content\/uploads\/2021\/07\/Fontaines-des-Viviers-Taisnieres-en-Thierache-1.webp?resize=300%2C225&amp;ssl=1 300w\" sizes=\"auto, (max-width: 720px) 85vw, 720px\" \/><figcaption>Emplacement de l\u2019autre Fontaine des Viviers, 30 m\u00e8tres dans cette p\u00e2ture le long de la haie <a rel=\"noreferrer noopener\" href=\"https:\/\/www.google.fr\/maps\/@50.1375197,3.822848,3a,75y,246.72h,82.12t\/data=!3m6!1e1!3m4!1sHJaNEMmaAx27yunQWCJAWw!2e0!7i16384!8i8192\" target=\"_blank\">Route de Marbaix D117<\/a><\/figcaption><\/figure><\/div>\n\n\n\n<p class=\"has-text-align-center\">***<\/p>\n\n\n\n<div class=\"wp-block-image\"><figure class=\"aligncenter size-full is-resized\"><img data-recalc-dims=\"1\" loading=\"lazy\" decoding=\"async\" src=\"https:\/\/i0.wp.com\/patrimoine-avesnois.fr\/fontaines\/wp-content\/uploads\/2021\/07\/Taisnieres-en-Thierache-le-Puits.jpg?resize=720%2C461&#038;ssl=1\" alt=\"\" class=\"wp-image-1029\" width=\"720\" height=\"461\" srcset=\"https:\/\/i0.wp.com\/patrimoine-avesnois.fr\/fontaines\/wp-content\/uploads\/2021\/07\/Taisnieres-en-Thierache-le-Puits.jpg?w=972&amp;ssl=1 972w, https:\/\/i0.wp.com\/patrimoine-avesnois.fr\/fontaines\/wp-content\/uploads\/2021\/07\/Taisnieres-en-Thierache-le-Puits.jpg?resize=300%2C192&amp;ssl=1 300w, https:\/\/i0.wp.com\/patrimoine-avesnois.fr\/fontaines\/wp-content\/uploads\/2021\/07\/Taisnieres-en-Thierache-le-Puits.jpg?resize=768%2C491&amp;ssl=1 768w\" sizes=\"auto, (max-width: 720px) 85vw, 720px\" \/><figcaption>Taisni\u00e8res en Thi\u00e9rache Le Puits<\/figcaption><\/figure><\/div>\n\n\n\n<div class=\"wp-block-image\"><figure class=\"aligncenter size-full is-resized\"><img data-recalc-dims=\"1\" loading=\"lazy\" decoding=\"async\" src=\"https:\/\/i0.wp.com\/patrimoine-avesnois.fr\/fontaines\/wp-content\/uploads\/2021\/07\/Taisnieres-en-Thierache-le-Puits-1.jpg?resize=720%2C540&#038;ssl=1\" alt=\"\" class=\"wp-image-1030\" width=\"720\" height=\"540\" srcset=\"https:\/\/i0.wp.com\/patrimoine-avesnois.fr\/fontaines\/wp-content\/uploads\/2021\/07\/Taisnieres-en-Thierache-le-Puits-1.jpg?w=508&amp;ssl=1 508w, https:\/\/i0.wp.com\/patrimoine-avesnois.fr\/fontaines\/wp-content\/uploads\/2021\/07\/Taisnieres-en-Thierache-le-Puits-1.jpg?resize=300%2C225&amp;ssl=1 300w\" sizes=\"auto, (max-width: 720px) 85vw, 720px\" \/><figcaption>Le m\u00eame endroit de nos jours<\/figcaption><\/figure><\/div>\n","protected":false},"excerpt":{"rendered":"<p>Taisni\u00e8res-en-Thi\u00e9rache disposait de plusieurs fontaines dont la plus importante \u00e9tait celle du Pont de l\u2019Helpe Majeure. Certaines, plus probablement des sources peu am\u00e9nag\u00e9es, alimentaient des viviers qui d\u00e9j\u00e0 au XIX e si\u00e8cle \u00e9taient ass\u00e9ch\u00e9s. *** *** *** *** *** ***<\/p>\n","protected":false},"author":2,"featured_media":0,"parent":0,"menu_order":0,"comment_status":"closed","ping_status":"closed","template":"","meta":{"footnotes":""},"class_list":["post-576","page","type-page","status-publish","hentry"],"jetpack_sharing_enabled":true,"_links":{"self":[{"href":"https:\/\/patrimoine-avesnois.fr\/fontaines\/wp-json\/wp\/v2\/pages\/576","targetHints":{"allow":["GET"]}}],"collection":[{"href":"https:\/\/patrimoine-avesnois.fr\/fontaines\/wp-json\/wp\/v2\/pages"}],"about":[{"href":"https:\/\/patrimoine-avesnois.fr\/fontaines\/wp-json\/wp\/v2\/types\/page"}],"author":[{"embeddable":true,"href":"https:\/\/patrimoine-avesnois.fr\/fontaines\/wp-json\/wp\/v2\/users\/2"}],"replies":[{"embeddable":true,"href":"https:\/\/patrimoine-avesnois.fr\/fontaines\/wp-json\/wp\/v2\/comments?post=576"}],"version-history":[{"count":5,"href":"https:\/\/patrimoine-avesnois.fr\/fontaines\/wp-json\/wp\/v2\/pages\/576\/revisions"}],"predecessor-version":[{"id":1032,"href":"https:\/\/patrimoine-avesnois.fr\/fontaines\/wp-json\/wp\/v2\/pages\/576\/revisions\/1032"}],"wp:attachment":[{"href":"https:\/\/patrimoine-avesnois.fr\/fontaines\/wp-json\/wp\/v2\/media?parent=576"}],"curies":[{"name":"wp","href":"https:\/\/api.w.org\/{rel}","templated":true}]}}