{"id":56,"date":"2021-12-08T15:50:28","date_gmt":"2021-12-08T14:50:28","guid":{"rendered":"https:\/\/patrimoine-avesnois.fr\/guide-culturel-avesnois\/?page_id=56"},"modified":"2021-12-27T17:16:25","modified_gmt":"2021-12-27T16:16:25","slug":"fete","status":"publish","type":"page","link":"https:\/\/patrimoine-avesnois.fr\/guide-culturel-avesnois\/fete\/","title":{"rendered":"fete"},"content":{"rendered":"\n<p>C&rsquo;est la F\u00eate !<\/p>\n\n\n\n<p>Beaucoup de nos communes mettent en valeur leur territoire \u00e0 travers leurs traditionnelles f\u00eates locales. Celles-ci sont en effet un rendez-vous incontournable, pour valoriser d\u2019une part leurs ressources autour du th\u00e8me de la nature, pour promouvoir d\u2019autre part leur patrimoine et enfin pour faire d\u00e9couvrir dans la cadre des f\u00eates de terroir leurs traditions s\u00e9culaires, leurs produits locaux et leurs savoir-faire. Elles aident donc les communes au renforcement d\u2019une image positive et \u00e0 la promotion touristique de leur territorialit\u00e9.<\/p>\n\n\n\n<p>Ces f\u00eates sont \u00e9galement l\u2019occasion de rassembler les concitoyens dans un cadre chaleureux, de leur faire profiter d\u2019un moment de d\u00e9tente et de les divertir gr\u00e2ce \u00e0 une programmation festive et ou culturelle. Elles suscitent d\u2019ailleurs de plus en plus l\u2019enthousiasme du public.<\/p>\n\n\n\n<p>Ces manifestations peuvent aussi permettre aux services culturels de la municipalit\u00e9 de communiquer sur leur action au quotidien et sur la r\u00e9alisation de leurs projets phares.<\/p>\n\n\n\n<p>Enfin certaines communes n\u2019h\u00e9sitent plus \u00e0 se regrouper au sein d\u2019une \u00ab&nbsp;F\u00e9d\u00e9ration de F\u00eates de Terroir en Avesnois Thi\u00e9rache \u00bb (FFTAT) et \u00e0 travailler avec des partenaires (institutionnels, associatifs ou priv\u00e9s) afin de co-organiser ces \u00e9v\u00e9nements qui prennent une place de plus en plus importante dans notre r\u00e9gion et qui en cons\u00e9quence participent tr\u00e8s favorablement au rayonnement de notre territoire.<\/p>\n\n\n\n<p class=\"has-green-color has-text-color\"><strong>I Les Rendez-vous \u00ab&nbsp;Nature&nbsp;\u00bb<\/strong><\/p>\n\n\n\n<p>Outre les manifestations culturelles consacr\u00e9es \u00e0 la musique, \u00e0 la danse ou au th\u00e9\u00e2tre que nous avons d\u00e9j\u00e0 \u00e9voqu\u00e9es, figurent des \u00e9v\u00e9nements articul\u00e9s autour du th\u00e8me de la Nature. Ils se manifestent \u00e0 travers des f\u00eates locales, des march\u00e9s bio mais pas uniquement.<\/p>\n\n\n\n<div class=\"wp-block-image\"><figure class=\"aligncenter size-full\"><img loading=\"lazy\" decoding=\"async\" width=\"253\" height=\"315\" src=\"https:\/\/patrimoine-avesnois.fr\/guide-culturel-avesnois\/wp-content\/uploads\/2021\/12\/image-24.png\" alt=\"\" class=\"wp-image-175\" srcset=\"https:\/\/patrimoine-avesnois.fr\/guide-culturel-avesnois\/wp-content\/uploads\/2021\/12\/image-24.png 253w, https:\/\/patrimoine-avesnois.fr\/guide-culturel-avesnois\/wp-content\/uploads\/2021\/12\/image-24-241x300.png 241w\" sizes=\"auto, (max-width: 253px) 100vw, 253px\" \/><\/figure><\/div>\n\n\n\n<p>Ils se produisent aussi via des promenades de d\u00e9couverte, des stages de greffe, d&rsquo;initiation \u00e0 la taille ou bien encore par l\u2019entremise d\u2019animations. <\/p>\n\n\n\n<div class=\"wp-block-image\"><figure class=\"aligncenter size-full\"><img loading=\"lazy\" decoding=\"async\" width=\"261\" height=\"290\" src=\"https:\/\/patrimoine-avesnois.fr\/guide-culturel-avesnois\/wp-content\/uploads\/2021\/12\/image-25.png\" alt=\"\" class=\"wp-image-176\"\/><figcaption>Stage de greffe ou Initiation \u00e0 la taille<\/figcaption><\/figure><\/div>\n\n\n\n<p>Ils se veulent alors bien souvent p\u00e9dagogiques et touchent un large public, notamment les enfants. <\/p>\n\n\n\n<figure class=\"wp-block-gallery columns-2 is-cropped wp-block-gallery-1 is-layout-flex wp-block-gallery-is-layout-flex\"><ul class=\"blocks-gallery-grid\"><li class=\"blocks-gallery-item\"><figure><img loading=\"lazy\" decoding=\"async\" width=\"204\" height=\"262\" src=\"https:\/\/patrimoine-avesnois.fr\/guide-culturel-avesnois\/wp-content\/uploads\/2021\/12\/1.jpg\" alt=\"\" data-id=\"178\" data-link=\"https:\/\/patrimoine-avesnois.fr\/guide-culturel-avesnois\/fete\/attachment\/1\/\" class=\"wp-image-178\"\/><\/figure><\/li><li class=\"blocks-gallery-item\"><figure><img loading=\"lazy\" decoding=\"async\" width=\"204\" height=\"262\" src=\"https:\/\/patrimoine-avesnois.fr\/guide-culturel-avesnois\/wp-content\/uploads\/2021\/12\/2.jpg\" alt=\"\" data-id=\"179\" data-full-url=\"https:\/\/patrimoine-avesnois.fr\/guide-culturel-avesnois\/wp-content\/uploads\/2021\/12\/2.jpg\" data-link=\"https:\/\/patrimoine-avesnois.fr\/guide-culturel-avesnois\/fete\/attachment\/2\/\" class=\"wp-image-179\"\/><\/figure><\/li><\/ul><\/figure>\n\n\n\n<p>Ceux-ci sont ainsi invit\u00e9s \u00e0 des promenades, des rallyes, des jeux, des quizz\u2026afin de les sensibiliser \u00e0 leur environnement naturel proche et de leur apporter quelques m\u00e9thodes d\u2019observation et quelques \u00e9l\u00e9ments de comportement respectueux de la nature. Une derni\u00e8re facette de ce genre de manifestations ce sont les expositions.<\/p>\n\n\n\n<div class=\"wp-block-image\"><figure class=\"aligncenter size-full\"><img loading=\"lazy\" decoding=\"async\" width=\"655\" height=\"559\" src=\"https:\/\/patrimoine-avesnois.fr\/guide-culturel-avesnois\/wp-content\/uploads\/2021\/12\/Sorties-Nature-Frequence-grenouille.jpg\" alt=\"\" class=\"wp-image-189\" srcset=\"https:\/\/patrimoine-avesnois.fr\/guide-culturel-avesnois\/wp-content\/uploads\/2021\/12\/Sorties-Nature-Frequence-grenouille.jpg 655w, https:\/\/patrimoine-avesnois.fr\/guide-culturel-avesnois\/wp-content\/uploads\/2021\/12\/Sorties-Nature-Frequence-grenouille-300x256.jpg 300w\" sizes=\"auto, (max-width: 655px) 100vw, 655px\" \/><figcaption>Carte Sorties Nature  et Sorties Nature dans le cadre de l&rsquo;op\u00e9ration \u00ab\u00a0Fr\u00e9quence Grenouille\u00a0\u00bb<\/figcaption><\/figure><\/div>\n\n\n\n<p class=\"has-green-color has-text-color\">I 1 Les F\u00eates Locales<\/p>\n\n\n\n<p>Les f\u00eates locales comme la f\u00eate de la For\u00eat \u00e0 Locquignol, la f\u00eate de l\u2019Eau \u00e0 Villers-Pol, la f\u00eate de l\u2019eau \u00e0 Jeumont sur le site du Watissart<\/p>\n\n\n\n<p class=\"has-green-color has-text-color\">I 2 Les Parcours d\u00e9couverte et les Animations<\/p>\n\n\n\n<p>Ces initiatives sont mises en place par des associations locales, les offices de tourisme et les syndicats mixtes. Ainsi par exemple le Parc Naturel R\u00e9gional de l\u2019Avesnois propose gr\u00e2ce \u00e0 ses \u00e9quipes de techniciens toute une s\u00e9rie d\u2019actions, d\u2019animations et d\u2019outils de sensibilisation et d\u2019\u00e9ducation au territoire. Citons ici les principales&nbsp;op\u00e9rations du Parc :<\/p>\n\n\n\n<ul class=\"wp-block-list\"><li> Objectif Nature<br>Objectif Nature&nbsp;est une op\u00e9ration p\u00e9dagogique destin\u00e9e au milieu scolaire et aux structures d\u2019enseignement sp\u00e9cialis\u00e9. Ces journ\u00e9es d\u2019animation permettent le d\u00e9veloppement de projets autour de th\u00e9matiques vari\u00e9es (\u00e9cosyst\u00e8mes forestiers, aquatiques, des prairies, des terrils et carri\u00e8res, littoraux et dunaires).<\/li><\/ul>\n\n\n\n<ul class=\"wp-block-list\"><li>Fr\u00e9quence Grenouille<br>L\u2019op\u00e9ration \u00ab&nbsp;Fr\u00e9quence Grenouille&nbsp;\u00bb est organis\u00e9e chaque ann\u00e9e par le conservatoire des sites naturels. Elle a pour but la sensibilisation du grand public \u00e0 la biodiversit\u00e9 pr\u00e9sente dans les zones humides et \u00e0 sa pr\u00e9servation. Ces animations sont propos\u00e9es par le Parc Naturel R\u00e9gional de l\u2019Avesnois et le CPIE Bocage de l\u2019Avesnois (Centre Permanent d&rsquo;Initiatives pour l&rsquo;Environnement) au travers d\u2019excursions, expositions et projections de films. Tout l\u2019enjeu est la sauvegarde de ces milieux menac\u00e9s<\/li><\/ul>\n\n\n\n<ul class=\"wp-block-list\"><li>Nuit de la chouette&nbsp;<\/li><\/ul>\n\n\n\n<p>Cette manifestation annuelle en mars permet au grand public de d\u00e9couvrir les rapaces nocturnes et leur mode de vie et de le sensibiliser aux dangers qui menacent cette esp\u00e8ce et aux moyens de la prot\u00e9ger Elle se traduit par l\u2019installation de points d\u2019\u00e9coute nocturne, d\u2019expositions et d\u2019animations (conf\u00e9rence, sorties de terrain\u2026).<br>Cette manifestation en milieu scolaire se d\u00e9cline sous le nom d\u2019op\u00e9ration \u00ab&nbsp;Chouette chev\u00eache&nbsp;\u00bb.<\/p>\n\n\n\n<ul class=\"wp-block-list\"><li> \u00ab&nbsp;Plantons le d\u00e9cor&nbsp;\u00bb<br>Op\u00e9ration qui permet tout \u00e0 chacun de b\u00e9n\u00e9ficier d\u2019une initiation \u00e0 la plantation d\u2019arbres, d\u2019arbustes et de fruitiers. Cette formation est gratuite, et suite \u00e0 cela, il est possible de r\u00e9aliser des commandes group\u00e9es d\u2019arbres ou d\u2019arbustes de vari\u00e9t\u00e9s locales, voire des fruits et l\u00e9gumes. Dans le cadre de sa mission de pr\u00e9servation du bocage et de mise en valeur des paysages, le Parc Naturel R\u00e9gional de l\u2019Avesnois propose \u00e9galement des conseils techniques en plantation.<\/li><\/ul>\n\n\n\n<ul class=\"wp-block-list\"><li>Circuits p\u00e9dagogiques d\u2019Obrechies<br>Le circuit d\u2019interpr\u00e9tation d\u2019Obrechies, r\u00e9alis\u00e9 par le Parc en partenariat avec le&nbsp;CPIE Bocage de l\u2019Avesnois permet le temps d\u2019une ballade de trois kilom\u00e8tres de sensibiliser les habitants \u00e0 la ressource en eau, \u00e0 la fois sur des th\u00e9matiques comme le bassin versant, les colmatages des cours d\u2019eau ou la gestion de l\u2019eau. Les \u00e9l\u00e9ments d\u2019informations du paysage d\u00e9livr\u00e9s lors de ce circuit font le lien entre le th\u00e8me de l\u2019eau et le village d\u2019Obrechies.<\/li><\/ul>\n\n\n\n<p class=\"has-green-color has-text-color\">I 3 Les expositions<\/p>\n\n\n\n<p>C\u2019est le cas par exemple de l\u2019exposition \u00ab&nbsp;Retour \u00e0 la Nature \u00bb. Des peintres et sculpteurs amateurs de Sambre Avesnois exposent leurs \u0153uvres sur ce th\u00e8me notamment \u00e0 la Gare Num\u00e9rique de Jeumont. Cette dynamique association qui existe depuis une cinquantaine d\u2019ann\u00e9es pr\u00e9sente des tableaux \u00e0 la peinture \u00e0 l\u2019huile, des aquarelles, des dessins, des acryliques et des sculptures qui font le bonheur de ses visiteurs.<\/p>\n\n\n\n<p class=\"has-text-color\" style=\"color:#1500a3\"><strong>II Les Sorties Patrimoine<\/strong><\/p>\n\n\n\n<p class=\"has-text-color\" style=\"color:#1500a3\">II 1Les Journ\u00e9es Euror\u00e9gionales des Villes Fortifi\u00e9es<\/p>\n\n\n\n<p>Ces journ\u00e9es sont l\u2019occasion de mettre en valeur le patrimoine des sites fortifi\u00e9s de l&rsquo;Avesnois. Le temps d&rsquo;un week-end de printemps, des randonn\u00e9es, des expositions et d\u2019autres animations sont organis\u00e9es dans les communes du Quesnoy, de Maubeuge, Landrecies et Avesnes-sur-Helpe pour y d\u00e9couvrir leurs remparts.<\/p>\n\n\n\n<p class=\"has-text-color\" style=\"color:#1500a3\">II 2 Les Journ\u00e9es Patrimoine<\/p>\n\n\n\n<p>Les Journ\u00e9es du patrimoine sont l\u2019occasion d\u2019aller \u00e0 la d\u00e9couverte de lieux qui n\u2019ont pas pour habitude d\u2019ouvrir leur porte, comme certains ch\u00e2teaux ou \u00e9glises par exemple, mais aussi de red\u00e9couvrir des endroits sous un autre biais avec par exemple des visites guid\u00e9es ou des groupes de reconstitution.<\/p>\n\n\n\n<p>Office du Tourisme de Maubeuge : <a href=\"https:\/\/www.partagetonsecret.com\/_files\/ugd\/a263f5_75a90e6c2777456d8297adc242d37233.pdf\" data-type=\"URL\" data-id=\"https:\/\/www.partagetonsecret.com\/_files\/ugd\/a263f5_75a90e6c2777456d8297adc242d37233.pdf\" target=\"_blank\" rel=\"noreferrer noopener\">Programme 2021<\/a><\/p>\n\n\n\n<p>Office de Tourisme C\u0153ur de l&rsquo;Avesnois :<a href=\"https:\/\/www.avesnes-sur-helpe.fr\/fileadmin\/Public\/Actualites\/journeespatrimoine-2021v5.pdf\" data-type=\"URL\" data-id=\"https:\/\/www.avesnes-sur-helpe.fr\/fileadmin\/Public\/Actualites\/journeespatrimoine-2021v5.pdf\" target=\"_blank\" rel=\"noreferrer noopener\"> Programme 2021<\/a><\/p>\n\n\n\n<p class=\"has-text-color\" style=\"color:#1500a3\">II 3 Les journ\u00e9es occasionnelles ou les expositions \u00e9tal\u00e9es sur plusieurs mois<\/p>\n\n\n\n<p>Les syndicats d\u2019initiative et les associations locales programment de plus en plus des sorties d&rsquo;un jour  en vue de mieux faire connaitre le patrimoine de leur village.<\/p>\n\n\n\n<p>Certains mus\u00e9es programment au contraire des expositions sur plusieurs mois.<\/p>\n\n\n\n<div class=\"wp-block-image\"><figure class=\"aligncenter size-full\"><img loading=\"lazy\" decoding=\"async\" width=\"252\" height=\"536\" src=\"https:\/\/patrimoine-avesnois.fr\/guide-culturel-avesnois\/wp-content\/uploads\/2021\/12\/image-22.png\" alt=\"\" class=\"wp-image-154\" srcset=\"https:\/\/patrimoine-avesnois.fr\/guide-culturel-avesnois\/wp-content\/uploads\/2021\/12\/image-22.png 252w, https:\/\/patrimoine-avesnois.fr\/guide-culturel-avesnois\/wp-content\/uploads\/2021\/12\/image-22-141x300.png 141w\" sizes=\"auto, (max-width: 252px) 100vw, 252px\" \/><\/figure><\/div>\n\n\n\n<p class=\"has-text-color\" style=\"color:#a30066\"><strong>III Les F\u00eates de Terroir<\/strong><\/p>\n\n\n\n<div class=\"wp-block-image\"><figure class=\"aligncenter size-full\"><img loading=\"lazy\" decoding=\"async\" width=\"655\" height=\"559\" src=\"https:\/\/patrimoine-avesnois.fr\/guide-culturel-avesnois\/wp-content\/uploads\/2021\/12\/Fetes-Terroir-1.jpg\" alt=\"\" class=\"wp-image-191\" srcset=\"https:\/\/patrimoine-avesnois.fr\/guide-culturel-avesnois\/wp-content\/uploads\/2021\/12\/Fetes-Terroir-1.jpg 655w, https:\/\/patrimoine-avesnois.fr\/guide-culturel-avesnois\/wp-content\/uploads\/2021\/12\/Fetes-Terroir-1-300x256.jpg 300w\" sizes=\"auto, (max-width: 655px) 100vw, 655px\" \/><\/figure><\/div>\n\n\n\n<p>la F\u00eate du Lait au Quesnoy, organis\u00e9e par le Parc Naturel de \u2019Avesnois, rassemble pr\u00e8s de 40 000 visiteurs chaque ann\u00e9e au mois de septembre.<\/p>\n\n\n\n<div class=\"wp-block-image\"><figure class=\"aligncenter size-full\"><img loading=\"lazy\" decoding=\"async\" width=\"349\" height=\"415\" src=\"https:\/\/patrimoine-avesnois.fr\/guide-culturel-avesnois\/wp-content\/uploads\/2021\/12\/image-23.png\" alt=\"\" class=\"wp-image-169\" srcset=\"https:\/\/patrimoine-avesnois.fr\/guide-culturel-avesnois\/wp-content\/uploads\/2021\/12\/image-23.png 349w, https:\/\/patrimoine-avesnois.fr\/guide-culturel-avesnois\/wp-content\/uploads\/2021\/12\/image-23-252x300.png 252w\" sizes=\"auto, (max-width: 349px) 100vw, 349px\" \/><\/figure><\/div>\n\n\n\n<p>Les F\u00eates de terroir adh\u00e9rentes de La FFTAT en avesnois :<\/p>\n\n\n\n<figure class=\"wp-block-table\"><table><tbody><tr><td>P\u00e9riode de l\u2019ann\u00e9e<\/td><td>Nom<\/td><td>Commune<\/td><\/tr><tr><td>Mars<\/td><td>Festibi\u00e8re de Jenlain<\/td><td>Jenlain<\/td><\/tr><tr><td>Avril<\/td><td>F\u00eate de la Boissellerie<\/td><td>Felleries<\/td><\/tr><tr><td>Mai<\/td><td>F\u00eate du Chien<\/td><td>Prisches<\/td><\/tr><tr><td><\/td><td>Les Saint\u2019 Hilairoises<\/td><td>Saint-Hilaire-sur-Helpe<\/td><\/tr><tr><td>Juin<\/td><td>F\u00eate de la Peinture<\/td><td>Clairfayts<\/td><\/tr><tr><td><\/td><td>F\u00eate Paysanne<\/td><td>Floyon<\/td><\/tr><tr><td><\/td><td>F\u00eate au Pays de la Pierre Bleue<\/td><td>Marbaix<\/td><\/tr><tr><td><\/td><td>F\u00eate du Bois<\/td><td>Preux-au-Bois<\/td><\/tr><tr><td>Juillet<\/td><td>F\u00eate de l\u2019\u00c2ne<\/td><td>Beaurepaire-sur-Sambre<\/td><\/tr><tr><td><\/td><td>F\u00eate de la Ch\u00e8vre et du Mouton<\/td><td>Cartignies<\/td><\/tr><tr><td><\/td><td>F\u00eates du jeu \u00e0 l\u2019ancienne<\/td><td>Eth<\/td><\/tr><tr><td><\/td><td>F\u00eate de Mon Moulin<\/td><td>Marpent<\/td><\/tr><tr><td><\/td><td>F\u00eate M\u00e9di\u00e9vale<\/td><td>Mecquignies<\/td><\/tr><tr><td>Ao\u00fbt<\/td><td>F\u00eate de la Terre<\/td><td>Ferri\u00e8re-la-Petite<\/td><\/tr><tr><td><\/td><td>F\u00eate du Pain<\/td><td>Grand Fayt<\/td><\/tr><tr><td><\/td><td>F\u00eate de la Flamiche et du Maroilles<\/td><td>Maroilles<\/td><\/tr><tr><td><\/td><td>F\u00eate du Verre<\/td><td>Tr\u00e9lon<\/td><\/tr><tr><td><\/td><td>F\u00eate de la Moisson et du Cheval<\/td><td>Villers-Pol<\/td><\/tr><tr><td>Septembre<\/td><td>F\u00eate du Textile<\/td><td>Fourmies<\/td><\/tr><tr><td><\/td><td>F\u00eate de la For\u00eat<\/td><td>Locquignol<\/td><\/tr><tr><td><\/td><td>F\u00eate de la Pomme<\/td><td>Wargnies-le-Petit<\/td><\/tr><tr><td>Octobre<\/td><td>Salon des Arts et Lignes<\/td><td>Avesnelles<\/td><\/tr><tr><td><\/td><td>F\u00eate du Cidre et des m\u00e9tiers ruraux<\/td><td>Sains-du-Nord<\/td><\/tr><tr><td>Novembre<\/td><td>Journ\u00e9es du Livre R\u00e9gional<\/td><td>Etroeungt<\/td><\/tr><\/tbody><\/table><figcaption>Source : PRNA, F\u00e9d\u00e9ration des F\u00eates de Terroir en Avesnois Thi\u00e9rache<\/figcaption><\/figure>\n\n\n\n<p>Existent \u00e9galement la f\u00eate du Cochon \u00e0 Avesnes-sur-Helpe, la F\u00eate de la Peinture \u00e0 Clairfayts ou la Foire de la Licorne \u00e0 Gommegnies (grande brocante).<\/p>\n\n\n\n<p class=\"has-text-color\" style=\"color:#a3002c\"><strong>IV Les \u00e9co \u00e9v\u00e8nements<\/strong><\/p>\n\n\n\n<p>Lanc\u00e9s en 2008, les \u00e9co \u00e9v\u00e8nements consistent \u00e0 la mise en place d\u2019actions concr\u00e8tes en faveur du <strong>d\u00e9veloppement durable<\/strong> dans l\u2019organisation d\u2019\u00e9v\u00e8nements en Avesnois (festivals, march\u00e9s, f\u00eates \u2026). Le Parc Naturel r\u00e9gional de l&rsquo;Avesnois propose un accompagnement aux organisateurs, le pr\u00eat de mat\u00e9riel, la co-r\u00e9daction d\u2019une charte d\u2019engagements et une \u00e9valuation conjointe des impacts de la manifestation. <br><\/p>\n","protected":false},"excerpt":{"rendered":"<p>C&rsquo;est la F\u00eate ! Beaucoup de nos communes mettent en valeur leur territoire \u00e0 travers leurs traditionnelles f\u00eates locales. Celles-ci sont en effet un rendez-vous incontournable, pour valoriser d\u2019une part leurs ressources autour du th\u00e8me de la nature, pour promouvoir d\u2019autre part leur patrimoine et enfin pour faire d\u00e9couvrir dans la cadre des f\u00eates de &hellip; <a href=\"https:\/\/patrimoine-avesnois.fr\/guide-culturel-avesnois\/fete\/\" class=\"more-link\">Continuer la lecture de <span class=\"screen-reader-text\">fete<\/span>  <span class=\"meta-nav\">&rarr;<\/span><\/a><\/p>\n","protected":false},"author":1,"featured_media":0,"parent":0,"menu_order":0,"comment_status":"closed","ping_status":"closed","template":"","meta":{"footnotes":""},"class_list":["post-56","page","type-page","status-publish","hentry"],"jetpack_sharing_enabled":true,"_links":{"self":[{"href":"https:\/\/patrimoine-avesnois.fr\/guide-culturel-avesnois\/wp-json\/wp\/v2\/pages\/56","targetHints":{"allow":["GET"]}}],"collection":[{"href":"https:\/\/patrimoine-avesnois.fr\/guide-culturel-avesnois\/wp-json\/wp\/v2\/pages"}],"about":[{"href":"https:\/\/patrimoine-avesnois.fr\/guide-culturel-avesnois\/wp-json\/wp\/v2\/types\/page"}],"author":[{"embeddable":true,"href":"https:\/\/patrimoine-avesnois.fr\/guide-culturel-avesnois\/wp-json\/wp\/v2\/users\/1"}],"replies":[{"embeddable":true,"href":"https:\/\/patrimoine-avesnois.fr\/guide-culturel-avesnois\/wp-json\/wp\/v2\/comments?post=56"}],"version-history":[{"count":15,"href":"https:\/\/patrimoine-avesnois.fr\/guide-culturel-avesnois\/wp-json\/wp\/v2\/pages\/56\/revisions"}],"predecessor-version":[{"id":192,"href":"https:\/\/patrimoine-avesnois.fr\/guide-culturel-avesnois\/wp-json\/wp\/v2\/pages\/56\/revisions\/192"}],"wp:attachment":[{"href":"https:\/\/patrimoine-avesnois.fr\/guide-culturel-avesnois\/wp-json\/wp\/v2\/media?parent=56"}],"curies":[{"name":"wp","href":"https:\/\/api.w.org\/{rel}","templated":true}]}}