{"id":19,"date":"2021-05-04T10:45:37","date_gmt":"2021-05-04T08:45:37","guid":{"rendered":"http:\/\/patrimoine-avesnois.fr\/moulins-vent\/?page_id=19"},"modified":"2021-05-04T10:45:37","modified_gmt":"2021-05-04T08:45:37","slug":"aymeries","status":"publish","type":"page","link":"https:\/\/patrimoine-avesnois.fr\/moulins-vent\/aymeries\/","title":{"rendered":"Aymeries"},"content":{"rendered":"\n<p class=\"has-bright-red-color has-text-color has-medium-font-size\"><strong>Les moulins \u00e0 vent d\u2019Aymeries&nbsp;: &nbsp;<\/strong><\/p>\n\n\n\n<div class=\"wp-block-image\"><figure class=\"aligncenter\"><img decoding=\"async\" src=\"https:\/\/i1.wp.com\/patrimoine-avesnois.fr\/chemin\/wp-content\/uploads\/2021\/03\/Aymeries-An-12-.jpg?resize=840%2C628\" alt=\"\" class=\"wp-image-11905\"\/><figcaption>Cadastre Aymeries An 12 ADN P 31 \/ 021&nbsp;<a href=\"https:\/\/archivesdepartementales.lenord.fr\/ark:\/33518\/5f7cvn1wtb83\/db4572f3-69e7-478d-a945-fefd47686e0c\" target=\"_blank\" rel=\"noreferrer noopener\">Vue 2\/2<\/a><\/figcaption><\/figure><\/div>\n\n\n\n<div class=\"wp-block-image\"><figure class=\"aligncenter\"><img decoding=\"async\" src=\"https:\/\/i1.wp.com\/patrimoine-avesnois.fr\/chemin\/wp-content\/uploads\/2021\/03\/Aymeries-1.jpg?resize=840%2C632\" alt=\"\" class=\"wp-image-11906\"\/><figcaption><em>Positions fictives des deux moulins sur une carte actuelle<\/em><\/figcaption><\/figure><\/div>\n\n\n\n<div class=\"wp-block-image\"><figure class=\"aligncenter\"><img decoding=\"async\" src=\"https:\/\/i2.wp.com\/patrimoine-avesnois.fr\/chemin\/wp-content\/uploads\/2021\/03\/Aymeries-B-17-Bis.jpg?resize=840%2C628\" alt=\"\" class=\"wp-image-11907\"\/><figcaption><em>Endroit actuel o\u00f9 se dressait le moulin&nbsp;<\/em>\u00e0 vent d\u2019Aymeries B 17 Bis appartenant \u00e0 Pierre EVRARD.<br><a rel=\"noreferrer noopener\" href=\"https:\/\/www.google.fr\/maps\/@50.2085843,3.8358339,3a,75y,309.75h,86.23t\/data=!3m6!1e1!3m4!1sNcO25JilIrmZcow2_XgPGg!2e0!7i16384!8i8192\" target=\"_blank\">Croisement Rue Mirabeau et Rue Salvador Allend\u00e9<\/a><\/figcaption><\/figure><\/div>\n\n\n\n<p>1 Sur le plan cadastral de l\u2019An 12 (1804) figure un moulin \u00e0 vent sur la section B 17 Bis. Il appartient \u00e0 Pierre EVRARD qui est fermier du ch\u00e2teau d\u2019Aymeries. Originaire de Noyelles-sur-Sambre o\u00f9 il est n\u00e9 en 1751, il se marie avec Marie Th\u00e9r\u00e8se HOSTELART &nbsp;en 1777 \u00e0 Hargnies. Il d\u00e9c\u00e8de le 18 f\u00e9vrier 1807 \u00e0 Aymeries laissant notamment \u00e0 ses deux filles Henriette et D\u00e9sir\u00e9e \u00ab&nbsp;un moulin \u00e0 vent et une petite maison c\u2019est-\u00e0-dire la moiti\u00e9 de ces objets situ\u00e9s sur Aymeries occup\u00e9 par un nomm\u00e9 Brassard&nbsp;\u00bb (1). Il s\u2019agit de Jean Brassart n\u00e9 en 1763 \u00e0 Sassegnies qui est meunier et qui d\u00e9c\u00e8de dans \u00ab&nbsp;cette petite maison&nbsp;\u00bb le 23 avril 1809. C\u2019en est alors fini du moulin.<\/p>\n\n\n\n<p>(1)&nbsp;: ADN 3 Q 373-8 Enregistrement Bureau de Maubeuge Successions An 14 1808<\/p>\n\n\n\n<div class=\"wp-block-image\"><figure class=\"aligncenter\"><img decoding=\"async\" src=\"https:\/\/i2.wp.com\/patrimoine-avesnois.fr\/chemin\/wp-content\/uploads\/2021\/03\/Aymeries-B-281.jpg?resize=840%2C630\" alt=\"\" class=\"wp-image-11908\"\/><figcaption><em>Endroit actuel o\u00f9 se dressait le moulin \u00e0 vent d\u2019Aymeries B 281 appartenant \u00e0 Pierre DURIEUX.<\/em>&nbsp;<a rel=\"noreferrer noopener\" href=\"https:\/\/www.google.fr\/maps\/@50.2090561,3.8370689,3a,75y,177.58h,85.92t\/data=!3m6!1e1!3m4!1sWaCEmQUlpKY_ZPHRJyMJNQ!2e0!7i16384!8i8192\" target=\"_blank\">Chemin de Bachant<\/a><\/figcaption><\/figure><\/div>\n\n\n\n<p>2 Un second moulin \u00e0 pivot et \u00e0 farine est construit \u00e0 proximit\u00e9 du pr\u00e9c\u00e9dent (1) en 1819 par Pierre Joseph DURIEUX (2). N\u00e9 en 1780 \u00e0 Pont-sur-Sambre, il se marie en 1806 \u00e0 Frameries (Belgique) avec C\u00e9lestine MAHIEU. Il d\u00e9c\u00e8de en 1842 \u00e0 Aymeries et il est dit meunier. Son \u00e9pouse d\u00e9c\u00e8de le 18 juillet 1861. Sa succession laisse \u00e0 ses enfants et petits enfants \u00ab&nbsp;un moulin \u00e0 vent avec maison d\u2019habitation, \u00e9curie, grange, le tout sur 30 a 60ca de jardin et p\u00e2ture\u2026&nbsp;\u00bb (3). Le seul fils Jean Baptiste est meunier en 1862 mais d\u00e9j\u00e0 cultivateur en 1873&nbsp;: le moulin ne fonctionne d\u00e9j\u00e0 plus et il est mis en vente le 29 novembre 1880 (4). Il est alors d\u00e9mont\u00e9. &nbsp;<\/p>\n\n\n\n<p>(1)&nbsp;: Cadastre 1860 SB 281<\/p>\n\n\n\n<p>(2)&nbsp;: ADN K 400<\/p>\n\n\n\n<p><strong>(<\/strong>3)&nbsp;: ADN 3 Q 94ter \/6 n\u00b0 d\u2019ordre 293 Table des Successions- ADN 3 Q 94-20 Successions Bureau de Berlaimont 14 janvier 1862<\/p>\n\n\n\n<p>(4)&nbsp;: Le journal L\u2019Observateur du 11\/11\/1880<\/p>\n","protected":false},"excerpt":{"rendered":"<p>Les moulins \u00e0 vent d\u2019Aymeries&nbsp;: &nbsp; 1 Sur le plan cadastral de l\u2019An 12 (1804) figure un moulin \u00e0 vent sur la section B 17 Bis. Il appartient \u00e0 Pierre EVRARD qui est fermier du ch\u00e2teau d\u2019Aymeries. Originaire de Noyelles-sur-Sambre o\u00f9 il est n\u00e9 en 1751, il se marie avec Marie Th\u00e9r\u00e8se HOSTELART &nbsp;en 1777 &hellip; <a href=\"https:\/\/patrimoine-avesnois.fr\/moulins-vent\/aymeries\/\" class=\"more-link\">Continuer la lecture<span class=\"screen-reader-text\"> de &laquo;&nbsp;Aymeries&nbsp;&raquo;<\/span><\/a><\/p>\n","protected":false},"author":2,"featured_media":0,"parent":0,"menu_order":0,"comment_status":"closed","ping_status":"closed","template":"","meta":{"footnotes":""},"class_list":["post-19","page","type-page","status-publish","hentry"],"jetpack_sharing_enabled":true,"_links":{"self":[{"href":"https:\/\/patrimoine-avesnois.fr\/moulins-vent\/wp-json\/wp\/v2\/pages\/19","targetHints":{"allow":["GET"]}}],"collection":[{"href":"https:\/\/patrimoine-avesnois.fr\/moulins-vent\/wp-json\/wp\/v2\/pages"}],"about":[{"href":"https:\/\/patrimoine-avesnois.fr\/moulins-vent\/wp-json\/wp\/v2\/types\/page"}],"author":[{"embeddable":true,"href":"https:\/\/patrimoine-avesnois.fr\/moulins-vent\/wp-json\/wp\/v2\/users\/2"}],"replies":[{"embeddable":true,"href":"https:\/\/patrimoine-avesnois.fr\/moulins-vent\/wp-json\/wp\/v2\/comments?post=19"}],"version-history":[{"count":1,"href":"https:\/\/patrimoine-avesnois.fr\/moulins-vent\/wp-json\/wp\/v2\/pages\/19\/revisions"}],"predecessor-version":[{"id":20,"href":"https:\/\/patrimoine-avesnois.fr\/moulins-vent\/wp-json\/wp\/v2\/pages\/19\/revisions\/20"}],"wp:attachment":[{"href":"https:\/\/patrimoine-avesnois.fr\/moulins-vent\/wp-json\/wp\/v2\/media?parent=19"}],"curies":[{"name":"wp","href":"https:\/\/api.w.org\/{rel}","templated":true}]}}