{"id":82,"date":"2021-05-04T12:19:04","date_gmt":"2021-05-04T10:19:04","guid":{"rendered":"http:\/\/patrimoine-avesnois.fr\/moulins-vent\/?page_id=82"},"modified":"2021-05-04T12:19:04","modified_gmt":"2021-05-04T10:19:04","slug":"le-quesnoy","status":"publish","type":"page","link":"https:\/\/patrimoine-avesnois.fr\/moulins-vent\/le-quesnoy\/","title":{"rendered":"Le Quesnoy"},"content":{"rendered":"\n<p class=\"has-bright-red-color has-text-color has-medium-font-size\"><strong>Les Trois Moulins \u00e0 vent de Le Quesnoy :<\/strong><\/p>\n\n\n\n<p>1 Le Moulin \u00e0 vent du Rempart :<\/p>\n\n\n\n<div class=\"wp-block-image\"><figure class=\"aligncenter\"><img decoding=\"async\" src=\"https:\/\/i2.wp.com\/miniatures-de-croy.fr\/wp-content\/uploads\/2019\/02\/le-quesnoy-copie-819x1024.jpg?resize=614%2C768\" alt=\"\"\/><figcaption>Le Moulin \u00e0 vent de Le Quesnoy est repr\u00e9sent\u00e9 sur les Albums de Cro\u00ff&nbsp;<a href=\"https:\/\/miniatures-de-croy.fr\/tableaux\/france-actuelle\/nord-59\/le-quesnoy\/\" target=\"_blank\" rel=\"noreferrer noopener\">Photo Daniel Lef\u00e9v\u00e8re<\/a><\/figcaption><\/figure><\/div>\n\n\n\n<div class=\"wp-block-image\"><figure class=\"aligncenter\"><img decoding=\"async\" src=\"https:\/\/i2.wp.com\/patrimoine-avesnois.fr\/chemin\/wp-content\/uploads\/2021\/04\/Capture-65.jpg?resize=840%2C628\" alt=\"\" class=\"wp-image-12419\"\/><figcaption>Cadastre Le Quesnoy An 12 ADN P 30 \/ 292 Moulin \u00e0 vent du Rempart bastion N\u00b0 8 S I 1 Bis&nbsp;<a rel=\"noreferrer noopener\" href=\"https:\/\/archivesdepartementales.lenord.fr\/ark:\/33518\/4d5v8ws7c9xz\/7f662d11-9650-4c1f-babb-803c392d1c67\" target=\"_blank\">Vue 3\/3<\/a><\/figcaption><\/figure><\/div>\n\n\n\n<div class=\"wp-block-image\"><figure class=\"aligncenter\"><img decoding=\"async\" src=\"https:\/\/i2.wp.com\/patrimoine-avesnois.fr\/chemin\/wp-content\/uploads\/2021\/04\/Capture-66.jpg?resize=840%2C630\" alt=\"\" class=\"wp-image-12420\"\/><figcaption>Cadastre Le Quesnoy 1817 ADN P 31 \/ 761 Moulin \u00e0 vent du Rempart S E 630 Bis&nbsp;<a rel=\"noreferrer noopener\" href=\"https:\/\/archivesdepartementales.lenord.fr\/ark:\/33518\/1mt9rdgx6f7w\/21216f22-d826-4f6a-a77c-06254f1d9cd3\" target=\"_blank\">Vue 3\/29<\/a><\/figcaption><\/figure><\/div>\n\n\n\n<div class=\"wp-block-image\"><figure class=\"aligncenter\"><img decoding=\"async\" src=\"https:\/\/i1.wp.com\/patrimoine-avesnois.fr\/chemin\/wp-content\/uploads\/2021\/04\/Capture-72.jpg?resize=840%2C630\" alt=\"\" class=\"wp-image-12443\"\/><figcaption>Endroit o\u00f9 se sont successivement dress\u00e9s les deux Moulins \u00e0 vent au sein de la ville fortifi\u00e9e de Le-Quesnoy (Vue a\u00e9rienne)<\/figcaption><\/figure><\/div>\n\n\n\n<div class=\"wp-block-image\"><figure class=\"aligncenter\"><img decoding=\"async\" src=\"https:\/\/i1.wp.com\/patrimoine-avesnois.fr\/chemin\/wp-content\/uploads\/2021\/04\/image-17.png?resize=840%2C630\" alt=\"\" class=\"wp-image-12446\"\/><figcaption>Endroit o\u00f9 se drrssait le Moulin du Roi&nbsp;<a href=\"https:\/\/www.google.com\/maps\/@50.2488824,3.6418633,3a,90y,173.8h,92.15t\/data=!3m6!1e1!3m4!1szYxIbGTDJSO0HC5TAW45Xg!2e0!7i16384!8i8192?hl=fr\" target=\"_blank\" rel=\"noreferrer noopener\">Rue Victor Hugo<\/a><\/figcaption><\/figure><\/div>\n\n\n\n<div class=\"wp-block-image\"><figure class=\"aligncenter\"><img decoding=\"async\" src=\"https:\/\/i1.wp.com\/patrimoine-avesnois.fr\/chemin\/wp-content\/uploads\/2021\/04\/Capture-73.jpg?resize=840%2C630\" alt=\"\" class=\"wp-image-12450\"\/><figcaption>Endroit o\u00f9 se dressait le nouveau Moulin \u00e0 vent construit en l\u2019An 4&nbsp;<a href=\"https:\/\/www.google.com\/maps\/@50.2450057,3.6392747,2a,75y,316.66h,88.98t\/data=!3m7!1e1!3m5!1sAAGse-Iw2oR636ep5TCleA!2e0!6shttps:%2F%2Fstreetviewpixels-pa.googleapis.com%2Fv1%2Fthumbnail%3Fpanoid%3DAAGse-Iw2oR636ep5TCleA%26cb_client%3Dmaps_sv.tactile.gps%26w%3D203%26h%3D100%26yaw%3D36.241596%26pitch%3D0%26thumbfov%3D100!7i13312!8i6656?hl=fr\" target=\"_blank\" rel=\"noreferrer noopener\">Remparts du Quesnoy<\/a><\/figcaption><\/figure><\/div>\n\n\n\n<p>En 1582 Philippe II consent \u00e0 ce qu\u2019Andrieu de Somain, ma\u00eetre charpentier et bourgeois du Quesnoy, construise un moulin \u00e0 vent sur les remparts de cette ville, \u00e0 la porte de la Flamengrie, pour venir en aide au moulin \u00e0 eau \u00e9rig\u00e9 dans la dite localit\u00e9 qu\u2019on n\u2019emploie que six mois de l\u2019ann\u00e9e, attendu qu\u2019en travaillant sans cesse, il aurait bient\u00f4t mis \u00e0 sec les foss\u00e9s du fort dont il est aliment\u00e9 (1). Voici donc l\u2019origine de ce moulin \u00e0 vent. Il est repr\u00e9sent\u00e9 sur les Albums de Cro\u00ff vers 1600. Qu\u2019en est-il de son histoire ? Jean-Thomas LION (\u00b01689 Hestrud +1751 Le Quesnoy) mari\u00e9 avec Marie-Th\u00e9r\u00e8se BLANPAIN (\u00b01694 Grandrieu +1779 Le Quesnoy) en est le meunier avec ses deux fils Englebert (\u00b01720 Le Quesnoy + 1773 Le Quesnoy) et Jean Pierre (\u00b01723 + 1765 Le Quesnoy). Ce moulin ayant appartenu au domaine royal est d\u00e9j\u00e0 ali\u00e9n\u00e9 (2). Pr\u00e9cisons ici que l\u2019ali\u00e9nation n\u2019est pas absolue et irr\u00e9vocable : elle est tacitement faite \u00e0 r\u00e9m\u00e9r\u00e9, c\u2019est \u00e0 dire avec facult\u00e9 de rachat. Le roi peut donc toujours reprendre le bien vendu en restituant le prix. Cette ali\u00e9nation est de droit analogue \u00e0 un gage, aussi on assimile les ventes du domaine \u00e0 des engagements et les acqu\u00e9reurs \u00e0 des engagistes. Marie -Th\u00e9r\u00e8se BLANPAIN est donc engagiste de ce moulin \u00e0 vent \u00e0 son d\u00e9c\u00e8s en 1779. C\u2019est ici qu\u2019un document de 1808 est tr\u00e8s pr\u00e9cieux pour connaitre la suite r\u00e9serv\u00e9e \u00e0 ce moulin \u00e0 vent. Il s\u2019agit plus pr\u00e9cis\u00e9ment d\u2019un courrier adress\u00e9 par Marie Alexandre Bonaventure de N\u00c9DONCHEL (\u00b01741 Baralle 62 + 1834 \u2013 Ch\u00e2teau du Quesnoy) au pr\u00e9fet Dieudonn\u00e9 en date du 29 juin 1808 (3). Le baron relate qu\u2019en 1782 il a obtenu \u00ab qu\u2019au lieu que le gouvernement rentrat dans la propri\u00e9t\u00e9 de ce moulin comme ancien domaine ali\u00e9n\u00e9, de payer une somme annuelle de deux cents francs pour la totalit\u00e9 du moulin, laquelle prestation a \u00e9t\u00e9 servie jusqu\u2019au 1er janvier 1792&nbsp;\u00bb. Il pr\u00e9cise \u00e9galement \u00ab qu\u2019un d\u00e9cret du 3 Septembre 1792 a r\u00e9voqu\u00e9 toutes les ali\u00e9nations de domaines de l\u2019ancien gouvernement \u00bb \u2026. que \u00ab ce moulin fut abattu en 1794 par ordre du commandant autrichien qui occupait la ville \u00bb \u2026et que \u00ab les h\u00e9ritiers \u2026qui avaient l\u2019autre moiti\u00e9 ont obtenu la permission en l\u2019an 4 de reb\u00e2tir ce moulin \u00bb. En fait le baron \u00e9crit au Pr\u00e9fet pour obtenir toute annulation de dettes consistant \u00e0 \u00ab des arr\u00e9rages d\u2019une rente hypoth\u00e9caire sur un moulin \u00e9rig\u00e9 sur les fortifications de ladite ville et qu\u2019il poss\u00e9dait indivisiblement avec Mlle CORDUANT \u00bb \u00e9voquant la destruction du moulin, le profit g\u00e9n\u00e9r\u00e9 par le Tr\u00e9sor Public lors de la vente de ses biens lorsqu\u2019il \u00e9migra et un arr\u00eat\u00e9 du 9 flor\u00e9al an 11 compensant les dettes de cette nature . Ainsi donc le moulin \u00e0 vent de Le Quesnoy est ali\u00e9n\u00e9 au baron de N\u00c9DONCHEL entre 1782 et fin 1791. En 1792 il vend la moiti\u00e9 du moulin \u00e0 CORDIER de ROUCOURT qui le revend le 14 D\u00e9cembre 1792 \u00e0 Rose CORDUANT (4).<\/p>\n\n\n\n<p>Le nouveau moulin \u00e0 vent qui figure sur le cadastre de l\u2019An 12 est donc le moulin reb\u00e2ti suite \u00e0 l\u2019autorisation de l\u2019An 4. Il n\u2019est plus Porte de la Flamengrie mais sur le bastion N\u00b08. L\u2019autorisation de r\u00e9tablir ce moulin est confirm\u00e9e par un d\u00e9cret du 3 Septembre 1811 par lequel Mlle CORDUANT est admise \u00e0 payer une redevance annuelle de 50 francs au Domaine (5). Selon le cadastre , en 1817 le moulin \u00e0 vent \u00e0 farine appartient \u00e0 la veuve HUVELLE, brasseuse au Quesnoy. Il s\u2019agit de Marie-Catherine MERCIER (\u00b01766 Englefontaine + 1832 Landrecies) veuve de Barth\u00e9l\u00e9my HUVELLE (\u00b01757 Le Quesnoy + 1814 Landrecies) en son vivant receveur des Contributions Indirectes. En 1824 le moulin appartient \u00e0 son gendre Jean (Baptiste) Joseph BONNAIRE brasseur \u00e0 Landrecies mari\u00e9 le 24 Mars 1824 avec Antoinette Julie Constance Emerie HUVELLE n\u00e9e le 17 janvier 1795 \u00e0 Paderborn, royaume de Prusse. (ses parents ont du \u00e9migr\u00e9 \u00e0 la R\u00e9volution). Toujours selon les matrices cadastrales le moulin \u00e0 vent est la possession en 1838 de DEMOULIN receveur des Contributions Indirectes. Le moulin est vendu en 1841 \u00e0 Hilaire DUEZ de Le-Quesnoy (il \u00e9tait meunier \u00e0 Gommegnies en 1839) puis vers 1845 \u00e0 MONIER SALVANT avant d\u2019\u00eatre d\u00e9mont\u00e9 en 1854 (6). Le dernier propri\u00e9taire est Philippe MONIER, boulanger, mari\u00e9 le 18 Mai 1831 \u00e0 Le-Quesnoy avec Adolphie Ernestine SALVAN (\u00b01807 +1846).<\/p>\n\n\n\n<p>1) : ADN Inventaire sommaire de la s\u00e9rie B Chambre des comptes de Lille Tome 2 \u00e9dit\u00e9 en 1872 par M.A Desplanque<\/p>\n\n\n\n<p>(2) : Ali\u00e9nation indiqu\u00e9e dans le courrier du 29 juin 1808 de Marie Alexandre Bonaventure de N\u00e9donchel<\/p>\n\n\n\n<p>(3) : ADN Biens nationaux contentieux domanial 1 Q 1206-23<\/p>\n\n\n\n<div class=\"wp-block-image\"><figure class=\"aligncenter\"><img decoding=\"async\" src=\"https:\/\/i1.wp.com\/patrimoine-avesnois.fr\/chemin\/wp-content\/uploads\/2021\/04\/Capture-89.jpg?fit=840%2C221\" alt=\"\" class=\"wp-image-12532\"\/><\/figure><\/div>\n\n\n\n<p>(4) : ADN 3 Q 406-2 Enregistrement Bureau le Quesnoy Table des vendeurs 1791-1793<\/p>\n\n\n\n<p>(5) : ADN Biens nationaux contentieux domanial 1 Q 1206-24<\/p>\n\n\n\n<div class=\"wp-block-image\"><figure class=\"aligncenter\"><img decoding=\"async\" src=\"https:\/\/i2.wp.com\/patrimoine-avesnois.fr\/chemin\/wp-content\/uploads\/2021\/04\/Capture-90.jpg?fit=840%2C264\" alt=\"\" class=\"wp-image-12533\"\/><\/figure><\/div>\n\n\n\n<p>(6) : Matrices cadastrales de Le-Quesnoy 35 P 1117 \u00e0 1119 B NB 1819 1898<\/p>\n\n\n\n<p class=\"has-text-align-center\">*****<\/p>\n\n\n\n<p>2 Le Moulin \u00e0 vent \u00e0 huile :<\/p>\n\n\n\n<div class=\"wp-block-image\"><figure class=\"aligncenter\"><img decoding=\"async\" src=\"https:\/\/i2.wp.com\/patrimoine-avesnois.fr\/chemin\/wp-content\/uploads\/2021\/04\/Capture-64.jpg?resize=840%2C630\" alt=\"\" class=\"wp-image-12418\"\/><figcaption>Cadastre Le Quesnoy An 12 ADN P 30 \/ 292 Moulin \u00e0 huile S C 8&nbsp;<a href=\"https:\/\/archivesdepartementales.lenord.fr\/ark:\/33518\/4d5v8ws7c9xz\/7f662d11-9650-4c1f-babb-803c392d1c67\" target=\"_blank\" rel=\"noreferrer noopener\">Vue 3\/3<\/a><\/figcaption><\/figure><\/div>\n\n\n\n<div class=\"wp-block-image\"><figure class=\"aligncenter\"><img decoding=\"async\" src=\"https:\/\/i1.wp.com\/patrimoine-avesnois.fr\/chemin\/wp-content\/uploads\/2021\/04\/Capture-68.jpg?resize=840%2C630\" alt=\"\" class=\"wp-image-12422\"\/><figcaption>Cadastre Le Quesnoy 1817 ADN P 31 \/ 761 Moulin \u00e0 huille S A 335 (Meully)&nbsp;<a rel=\"noreferrer noopener\" href=\"https:\/\/archivesdepartementales.lenord.fr\/ark:\/33518\/1mt9rdgx6f7w\/21216f22-d826-4f6a-a77c-06254f1d9cd3\" target=\"_blank\">Vue 3\/29<\/a><\/figcaption><\/figure><\/div>\n\n\n\n<div class=\"wp-block-image\"><figure class=\"aligncenter\"><img decoding=\"async\" src=\"https:\/\/i0.wp.com\/patrimoine-avesnois.fr\/chemin\/wp-content\/uploads\/2021\/04\/Capture-69.jpg?resize=840%2C628\" alt=\"\" class=\"wp-image-12429\"\/><figcaption>Endroit o\u00f9 se dressait le Moulin \u00e0 vent \u00e0 huile de Le Quesnoy&nbsp;<a rel=\"noreferrer noopener\" href=\"https:\/\/www.google.fr\/maps\/@50.261738,3.6335069,3a,75y,293.02h,73.96t\/data=!3m6!1e1!3m4!1sZBNCe9S1bv4x6efPb7TwzQ!2e0!7i16384!8i8192\" target=\"_blank\">Route de Valenciennes<\/a><\/figcaption><\/figure><\/div>\n\n\n\n<p>Ce tordoir est l\u2019un des tr\u00e8s rares moulins \u00e0 vent \u00e0 huile de l\u2019arrondissement d\u2019Avesnes-sur-Helpe. Il est construit entre 1760 et 1802 puisqu\u2019il ne figure pas sur la carte de Cassini mais sur le cadastre de 1803. Il appartient en 1817 \u00e0 Augustin de MONTEVILLE (\u00b01755 +1822) \u00e9chevin de Le Quesnoy et rentier. Il appartient ensuite \u00e0 son fils Charles-Alexandre de MONTEVILLE (\u00b01783 +1828) cultivateur mari\u00e9 avec Caroline Henriette BRIFFAULT puis \u00e0 son petit-fils Eug\u00e8ne de MONTEVILLE (\u00b01814 +1896) mari\u00e9 en 1857 \u00e0 Cottenchy dans la Somme avec C\u00e9cile CANNET. Le moulin \u00e0 huile est en ruine en 1857 (1).<\/p>\n\n\n\n<p>(1) : Matrices cadastrales Le Quesnoy 35 P 1117 \u00e0 1119 B NB 1819 1898<\/p>\n\n\n\n<p class=\"has-text-align-center\">*****<\/p>\n\n\n\n<p>3 Le Moulin \u00e0 vent Cossiau :<\/p>\n\n\n\n<div class=\"wp-block-image\"><figure class=\"aligncenter\"><img decoding=\"async\" src=\"https:\/\/i1.wp.com\/patrimoine-avesnois.fr\/chemin\/wp-content\/uploads\/2021\/04\/Capture-67.jpg?resize=840%2C630\" alt=\"\" class=\"wp-image-12421\"\/><figcaption>Cadastre Le Quesnoy 1817 ADN P 31 \/ 761 Moulin \u00e0 vent Cossiau S B 130&nbsp;<a rel=\"noreferrer noopener\" href=\"https:\/\/archivesdepartementales.lenord.fr\/ark:\/33518\/1mt9rdgx6f7w\/21216f22-d826-4f6a-a77c-06254f1d9cd3\" target=\"_blank\">Vue 3\/29<\/a><\/figcaption><\/figure><\/div>\n\n\n\n<div class=\"wp-block-image\"><figure class=\"aligncenter\"><img decoding=\"async\" src=\"https:\/\/i2.wp.com\/patrimoine-avesnois.fr\/chemin\/wp-content\/uploads\/2021\/04\/image-14.png?resize=640%2C468\" alt=\"\" class=\"wp-image-12423\"\/><figcaption>Acte d\u00e9c\u00e8s Fran\u00e7ois COSSAU Le Quesnoy NMD 1802 1809&nbsp;<a href=\"https:\/\/archivesdepartementales.lenord.fr\/ark:\/33518\/z481kdvjp0m3\/0b91a2b3-d769-4ef4-a267-5525bcd1d929\" target=\"_blank\" rel=\"noreferrer noopener\">Vue 166 \/ 556<\/a><\/figcaption><\/figure><\/div>\n\n\n\n<div class=\"wp-block-image\"><figure class=\"aligncenter\"><img decoding=\"async\" src=\"https:\/\/i2.wp.com\/patrimoine-avesnois.fr\/chemin\/wp-content\/uploads\/2021\/04\/Capture-70.jpg?resize=840%2C630\" alt=\"\" class=\"wp-image-12430\"\/><figcaption>Endroit o\u00f9 se dressait le Moulin Cossiau (au fond de cette all\u00e9e priv\u00e9e)&nbsp;<a rel=\"noreferrer noopener\" href=\"https:\/\/www.google.fr\/maps\/@50.2576914,3.6350074,3a,90y,60.95h,90.93t\/data=!3m6!1e1!3m4!1sZGD1BW5_XotPa8LU-l_j9w!2e0!7i16384!8i8192\" target=\"_blank\">D 2934<\/a><\/figcaption><\/figure><\/div>\n\n\n\n<p>Fran\u00e7ois COSSIAU mari\u00e9 \u00e0 Marie Octavie LENGLET d\u00e9c\u00e8de le 24 Prairial An 12 (3 Novembre 1804) \u00e0 l\u2019\u00e2ge de 53 ans meunier habitant au Moulin de Lorgnies. Il est en effet propri\u00e9taire de la moiti\u00e9 de ce moulin \u00e0 eau situ\u00e9 sur la commune de Villereau depuis 1796 (1).<\/p>\n\n\n\n<div class=\"wp-block-image\"><figure class=\"aligncenter\"><img decoding=\"async\" src=\"https:\/\/i2.wp.com\/patrimoine-avesnois.fr\/chemin\/wp-content\/uploads\/2021\/04\/image-15.png?resize=640%2C480\" alt=\"\" class=\"wp-image-12424\"\/><\/figure><\/div>\n\n\n\n<p>Le moulin \u00e0 vent situ\u00e9 \u00e0 Le Quesnoy n\u2019existe pas sur le cadastre de l\u2019An 12 : Fran\u00e7ois COSSIAU ne l\u2019a donc pas fait construire. Or il porte bien le nom de Moulin Cossiau sur le cadastre de 1817. Il est par cons\u00e9quent l\u2019\u0153uvre de son fils Fran\u00e7ois-Joseph COSSIAU n\u00e9 le 31 Octobre 1782 \u00e0 Villers-Pol mari\u00e9 le 4 novembre 1809 \u00e0 Villereau avec Marie Catherine Joseph ROUSSEAU. Il est en 1809 meunier \u00e0 Villereau avec sa m\u00e8re. Celle-ci d\u00e9c\u00e8de \u00e0 l\u2019\u00e2ge de 65 ans au Moulin de Lorgnies le 4 Novembre 1818. Son fils Fran\u00e7ois qui d\u00e9clare le d\u00e9c\u00e8s est meunier domicili\u00e9 \u00e0 Le Quesnoy. Fran\u00e7ois-Joseph a donc fait construire le Moulin Cossiau \u00e0 Le Quesnoy entre 1810 et 1818. Selon le cadastre le moulin \u00e0 vent est d\u00e9moli en 1824. Il a peut-\u00eatre \u00e9t\u00e9 d\u00e9plac\u00e9 pr\u00e8s du Moulin de Lorgnies o\u00f9 en 1826 Benoit le fr\u00e8re de Fran\u00e7ois-Joseph est le propri\u00e9taire de ce moulin \u00e0 eau.<\/p>\n\n\n\n<p>(1) : ADN 3 Q 406-4 Enregistrement Bureau Le Quesnoy Table des vendeurs An 3-An 7 Acte du 23 Thermidor An 4 (9 Septembre 1796)<\/p>\n","protected":false},"excerpt":{"rendered":"<p>Les Trois Moulins \u00e0 vent de Le Quesnoy : 1 Le Moulin \u00e0 vent du Rempart : En 1582 Philippe II consent \u00e0 ce qu\u2019Andrieu de Somain, ma\u00eetre charpentier et bourgeois du Quesnoy, construise un moulin \u00e0 vent sur les remparts de cette ville, \u00e0 la porte de la Flamengrie, pour venir en aide au &hellip; <a href=\"https:\/\/patrimoine-avesnois.fr\/moulins-vent\/le-quesnoy\/\" class=\"more-link\">Continuer la lecture<span class=\"screen-reader-text\"> de &laquo;&nbsp;Le Quesnoy&nbsp;&raquo;<\/span><\/a><\/p>\n","protected":false},"author":2,"featured_media":0,"parent":0,"menu_order":0,"comment_status":"closed","ping_status":"closed","template":"","meta":{"footnotes":""},"class_list":["post-82","page","type-page","status-publish","hentry"],"jetpack_sharing_enabled":true,"_links":{"self":[{"href":"https:\/\/patrimoine-avesnois.fr\/moulins-vent\/wp-json\/wp\/v2\/pages\/82","targetHints":{"allow":["GET"]}}],"collection":[{"href":"https:\/\/patrimoine-avesnois.fr\/moulins-vent\/wp-json\/wp\/v2\/pages"}],"about":[{"href":"https:\/\/patrimoine-avesnois.fr\/moulins-vent\/wp-json\/wp\/v2\/types\/page"}],"author":[{"embeddable":true,"href":"https:\/\/patrimoine-avesnois.fr\/moulins-vent\/wp-json\/wp\/v2\/users\/2"}],"replies":[{"embeddable":true,"href":"https:\/\/patrimoine-avesnois.fr\/moulins-vent\/wp-json\/wp\/v2\/comments?post=82"}],"version-history":[{"count":1,"href":"https:\/\/patrimoine-avesnois.fr\/moulins-vent\/wp-json\/wp\/v2\/pages\/82\/revisions"}],"predecessor-version":[{"id":83,"href":"https:\/\/patrimoine-avesnois.fr\/moulins-vent\/wp-json\/wp\/v2\/pages\/82\/revisions\/83"}],"wp:attachment":[{"href":"https:\/\/patrimoine-avesnois.fr\/moulins-vent\/wp-json\/wp\/v2\/media?parent=82"}],"curies":[{"name":"wp","href":"https:\/\/api.w.org\/{rel}","templated":true}]}}